{"id":3185,"date":"2020-09-29T14:49:37","date_gmt":"2020-09-29T12:49:37","guid":{"rendered":"https:\/\/talja.pl\/?page_id=3185"},"modified":"2023-04-12T14:02:43","modified_gmt":"2023-04-12T12:02:43","slug":"kolory-lnow","status":"publish","type":"page","link":"https:\/\/talja.pl\/index.php\/kolory-lnow\/","title":{"rendered":"KOLORY LN\u00d3W"},"content":{"rendered":"\t\t<div data-elementor-type=\"wp-page\" data-elementor-id=\"3185\" class=\"elementor elementor-3185\">\n\t\t\t\t\t\t<section class=\"elementor-section elementor-top-section elementor-element elementor-element-5e2f245 elementor-section-boxed elementor-section-height-default elementor-section-height-default\" data-id=\"5e2f245\" data-element_type=\"section\" data-e-type=\"section\">\n\t\t\t\t\t\t<div class=\"elementor-container elementor-column-gap-default\">\n\t\t\t\t\t<div class=\"elementor-column elementor-col-100 elementor-top-column elementor-element elementor-element-33446fc\" data-id=\"33446fc\" data-element_type=\"column\" data-e-type=\"column\">\n\t\t\t<div class=\"elementor-widget-wrap elementor-element-populated\">\n\t\t\t\t\t\t<div class=\"elementor-element elementor-element-aa8ec14 elementor-widget elementor-widget-heading\" data-id=\"aa8ec14\" data-element_type=\"widget\" data-e-type=\"widget\" data-widget_type=\"heading.default\">\n\t\t\t\t<div class=\"elementor-widget-container\">\n\t\t\t\t\t<h1 class=\"elementor-heading-title elementor-size-default\">Kolory tkanin lnianych<\/h1>\t\t\t\t<\/div>\n\t\t\t\t<\/div>\n\t\t\t\t\t<\/div>\n\t\t<\/div>\n\t\t\t\t\t<\/div>\n\t\t<\/section>\n\t\t\t\t<section class=\"elementor-section elementor-top-section elementor-element elementor-element-211ab54 elementor-section-boxed elementor-section-height-default elementor-section-height-default\" data-id=\"211ab54\" data-element_type=\"section\" data-e-type=\"section\">\n\t\t\t\t\t\t<div class=\"elementor-container elementor-column-gap-default\">\n\t\t\t\t\t<div class=\"elementor-column elementor-col-100 elementor-top-column elementor-element elementor-element-5bf4acf\" data-id=\"5bf4acf\" data-element_type=\"column\" data-e-type=\"column\">\n\t\t\t<div class=\"elementor-widget-wrap\">\n\t\t\t\t\t\t\t<\/div>\n\t\t<\/div>\n\t\t\t\t\t<\/div>\n\t\t<\/section>\n\t\t\t\t<section class=\"elementor-section elementor-top-section elementor-element elementor-element-a60d9ed elementor-section-boxed elementor-section-height-default elementor-section-height-default\" data-id=\"a60d9ed\" data-element_type=\"section\" data-e-type=\"section\">\n\t\t\t\t\t\t<div class=\"elementor-container elementor-column-gap-default\">\n\t\t\t\t\t<div class=\"elementor-column elementor-col-100 elementor-top-column elementor-element elementor-element-dfa7926\" data-id=\"dfa7926\" data-element_type=\"column\" data-e-type=\"column\">\n\t\t\t<div class=\"elementor-widget-wrap elementor-element-populated\">\n\t\t\t\t\t\t<div class=\"elementor-element elementor-element-02b7758 elementor-widget elementor-widget-text-editor\" data-id=\"02b7758\" data-element_type=\"widget\" data-e-type=\"widget\" data-widget_type=\"text-editor.default\">\n\t\t\t\t<div class=\"elementor-widget-container\">\n\t\t\t\t\t\t\t\t\t<p class=\"has-text-align-left has-medium-font-size\">TALJA to kameralna <strong>pracownia krawiecka znajduj\u0105ca si\u0119 w Szczecinie, w kt\u00f3rej szyjemy tylko z tkanin lnianych<\/strong>. Wykorzystujemy lny najwy\u017cszej jako\u015bci, zmi\u0119kczane i przyjemne dla cia\u0142a. <strong>Wszystkie nasze tkaniny charakteryzuj\u0105 si\u0119 szlachetnym sk\u0142adem : len 100% <\/strong>bez \u017cadnych domieszek. Kolorystyka jest u nas zmienna, w zale\u017cno\u015bci od sezonu i zapotrzebowania. Aktualnie dysponujemy poni\u017cszymi kolorami tkanin :<\/p>\t\t\t\t\t\t\t\t<\/div>\n\t\t\t\t<\/div>\n\t\t\t\t\t<\/div>\n\t\t<\/div>\n\t\t\t\t\t<\/div>\n\t\t<\/section>\n\t\t\t\t<section class=\"elementor-section elementor-top-section elementor-element elementor-element-19aa6db elementor-section-boxed elementor-section-height-default elementor-section-height-default\" data-id=\"19aa6db\" data-element_type=\"section\" data-e-type=\"section\">\n\t\t\t\t\t\t<div class=\"elementor-container elementor-column-gap-default\">\n\t\t\t\t\t<div class=\"elementor-column elementor-col-100 elementor-top-column elementor-element elementor-element-e985113\" data-id=\"e985113\" data-element_type=\"column\" data-e-type=\"column\">\n\t\t\t<div class=\"elementor-widget-wrap elementor-element-populated\">\n\t\t\t\t\t\t<div class=\"elementor-element elementor-element-23a38b4 elementor-widget elementor-widget-image\" data-id=\"23a38b4\" data-element_type=\"widget\" data-e-type=\"widget\" data-widget_type=\"image.default\">\n\t\t\t\t<div class=\"elementor-widget-container\">\n\t\t\t\t\t\t\t\t\t\t\t\t\t\t\t<img fetchpriority=\"high\" decoding=\"async\" width=\"690\" height=\"1024\" src=\"https:\/\/talja.pl\/wp-content\/uploads\/2023\/02\/kolorystyka-lnow-TALJA-ost-e1736342965111.jpg\" class=\"attachment-large size-large wp-image-7562 wvs-archive-product-image\" alt=\"kolorystyka ln\u00f3w TALJA\" \/>\t\t\t\t\t\t\t\t\t\t\t\t\t\t\t<\/div>\n\t\t\t\t<\/div>\n\t\t\t\t\t<\/div>\n\t\t<\/div>\n\t\t\t\t\t<\/div>\n\t\t<\/section>\n\t\t\t\t<section class=\"elementor-section elementor-top-section elementor-element elementor-element-181ebd1e elementor-section-boxed elementor-section-height-default elementor-section-height-default\" data-id=\"181ebd1e\" data-element_type=\"section\" data-e-type=\"section\">\n\t\t\t\t\t\t<div class=\"elementor-container elementor-column-gap-default\">\n\t\t\t\t\t<div class=\"elementor-column elementor-col-100 elementor-top-column elementor-element elementor-element-64878e12\" data-id=\"64878e12\" data-element_type=\"column\" data-e-type=\"column\">\n\t\t\t<div class=\"elementor-widget-wrap elementor-element-populated\">\n\t\t\t\t\t\t<div class=\"elementor-element elementor-element-2ac77b56 elementor-widget elementor-widget-text-editor\" data-id=\"2ac77b56\" data-element_type=\"widget\" data-e-type=\"widget\" data-widget_type=\"text-editor.default\">\n\t\t\t\t<div class=\"elementor-widget-container\">\n\t\t\t\t\t\t\t\t\t<p><\/p>\n<p class=\"has-text-align-left has-medium-font-size\">\n<\/p><p><\/p>\n<p><\/p>\n<p><\/p>\n<p><\/p>\n<p><\/p>\n<p><b>W\u0142a\u015bciwo\u015bci tkanin lnianych<\/b>&nbsp;<\/p>\n<p><\/p>\n<p class=\"wp-block-gallery-3 is-layout-flex wp-block-gallery-is-layout-flex\"><\/p>\n<p><\/p>\n<p class=\"has-text-align-left has-medium-font-size\"><strong>Gramatury ln\u00f3w odzie\u017cowych, z kt\u00f3rych szyjemy sukienki, koszule i sp\u00f3dnice maj\u0105 gramatury 130 &#8211; 170 g\/m2.<\/strong> S\u0105 to gramatury, kt\u00f3re sprawdzaj\u0105 si\u0119 fantastycznie pod postaciami wiosenno letnich ubra\u0144 bez dodatkowych warstw. W okresie jesienno- zimowym kreacje z naszych ln\u00f3w nosimy w zestawach z cieplejszymi rajstopami oraz halkami, i w takim towarzystwie sprawdz\u0105 si\u0119 one r\u00f3wnie\u017c bardzo dobrze. <strong>Wszystkie gramatury ln\u00f3w znajdziesz bezpo\u015brednio przy wyborze konkretnego koloru danego produktu. <\/strong><\/p>\n<p><\/p>\n<p><\/p>\n<p class=\"has-text-align-left has-medium-font-size\"><strong> Tkaniny lniane przez nas stosowane s\u0105 delikatne ( lecz wytrzyma\u0142e ) , lekkie i oddychaj\u0105ce. Absolutnie nie gryz\u0105 oraz nie s\u0105 sztywne, a z ka\u017cdym kolejnym praniem staj\u0105 si\u0119 jeszcze bardziej mi\u0119kkie i plastyczne.<\/strong> Do tego, jak ju\u017c wspominali\u015bmy &#8211; s\u0105 przyjemnie zmi\u0119kczane , a ten fakt z pewno\u015bci\u0105 doceni Twoja sk\u00f3ra.<\/p>\n<p><\/p>\n<p><\/p>\n<p class=\"has-text-align-left has-medium-font-size\">Ponadto wszystkie nasze lny spe\u0142niaj\u0105 wymogi standard\u00f3w <strong>OEKO- TEX Standard 100<\/strong> opracowanych przez Stowarzyszenie na Rzecz Post\u0119pu i Rozwoju w Zakresie Ekologii Wyrob\u00f3w W\u0142\u00f3kienniczych Oeko &#8211; TEX, co oznacza, \u017ce zosta\u0142y przebadane i nie zawieraj\u0105 \u015brodk\u00f3w szkodliwych zar\u00f3wno dla cz\u0142owieka jak i \u015brodowiska.<\/p>\n<p><\/p>\n<p><\/p>\n<figure class=\"wp-block-image size-large\"><img decoding=\"async\" class=\"wp-image-5333\" src=\"https:\/\/talja.pl\/wp-content\/uploads\/2022\/04\/Certyfikat-Oeko-Tex-standard-100.png\" alt=\"\"><\/figure>\n<p><\/p>\n<p><\/p>\n<p class=\"has-text-align-left has-medium-font-size\"><strong>Tworzymy dla Ciebie z najlepszej jako\u015bci surowc\u00f3w, dbamy o najmniejszy detal i jeste\u015bmy tutaj dla Ciebie! <\/strong><\/p>\n<p><\/p>\n<p><\/p>\n<p class=\"has-text-align-left has-medium-font-size\">Je\u015bli masz jakie\u015b pytania, napisz do nas na : <strong> kontakt@talja.pl <\/strong><\/p>\n<p><\/p>\n<p><\/p>\n<figure class=\"wp-block-gallery alignwide has-nested-images columns-default is-cropped wp-block-gallery-4 is-layout-flex wp-block-gallery-is-layout-flex\"><p><\/p>\n<figure class=\"wp-block-image size-large\"><img decoding=\"async\" data-id=\"3189\" class=\"wp-image-3189\" src=\"https:\/\/talja.pl\/wp-content\/uploads\/2020\/09\/mc_MG_7448-683x1024.jpg\" alt=\"\"><\/figure>\n<p><\/p>\n<p><\/p>\n<figure class=\"wp-block-image size-large\"><img decoding=\"async\" data-id=\"3190\" class=\"wp-image-3190\" src=\"https:\/\/talja.pl\/wp-content\/uploads\/2020\/09\/mc_MG_7451-683x1024.jpg\" alt=\"\"><\/figure>\n<p><\/p>\n<p><\/p>\n<figure class=\"wp-block-image size-large\"><img decoding=\"async\" data-id=\"3191\" class=\"wp-image-3191\" src=\"https:\/\/talja.pl\/wp-content\/uploads\/2020\/09\/mc_MG_7458-683x1024.jpg\" alt=\"\"><\/figure>\n<p><\/p>\n<\/figure>\n<p><\/p>\n<p><\/p>\n<div class=\"wp-block-image\">\n<figure class=\"aligncenter size-large\"><img decoding=\"async\" width=\"1024\" height=\"731\" class=\"wp-image-3192\" src=\"https:\/\/talja.pl\/wp-content\/uploads\/2020\/09\/mc_MG_7484-1024x731.jpg\" alt=\"\" srcset=\"https:\/\/talja.pl\/wp-content\/uploads\/2020\/09\/mc_MG_7484-1024x731.jpg 1024w, https:\/\/talja.pl\/wp-content\/uploads\/2020\/09\/mc_MG_7484-999x714.jpg 999w, https:\/\/talja.pl\/wp-content\/uploads\/2020\/09\/mc_MG_7484-300x214.jpg 300w, https:\/\/talja.pl\/wp-content\/uploads\/2020\/09\/mc_MG_7484-768x549.jpg 768w, https:\/\/talja.pl\/wp-content\/uploads\/2020\/09\/mc_MG_7484.jpg 1512w\" sizes=\"(max-width: 1024px) 100vw, 1024px\" \/><\/figure>\n<\/div>\n<p><\/p>\n<p><\/p>\n<div class=\"wp-block-image\">\n<figure class=\"aligncenter size-large\"><img decoding=\"async\" width=\"1024\" height=\"683\" class=\"wp-image-3193\" src=\"https:\/\/talja.pl\/wp-content\/uploads\/2020\/09\/mc_MG_7486-1024x683.jpg\" alt=\"\" srcset=\"https:\/\/talja.pl\/wp-content\/uploads\/2020\/09\/mc_MG_7486-1024x683.jpg 1024w, https:\/\/talja.pl\/wp-content\/uploads\/2020\/09\/mc_MG_7486-999x666.jpg 999w, https:\/\/talja.pl\/wp-content\/uploads\/2020\/09\/mc_MG_7486-300x200.jpg 300w, https:\/\/talja.pl\/wp-content\/uploads\/2020\/09\/mc_MG_7486-768x512.jpg 768w, https:\/\/talja.pl\/wp-content\/uploads\/2020\/09\/mc_MG_7486-1536x1024.jpg 1536w, https:\/\/talja.pl\/wp-content\/uploads\/2020\/09\/mc_MG_7486.jpg 1620w\" sizes=\"(max-width: 1024px) 100vw, 1024px\" \/><\/figure>\n<\/div>\n<p><\/p>\n<p><\/p>\n<h2 class=\"wp-block-heading\">&nbsp;<\/h2>\n<p><\/p>0\t\t\t\t\t\t\t\t<\/div>\n\t\t\t\t<\/div>\n\t\t\t\t\t<\/div>\n\t\t<\/div>\n\t\t\t\t\t<\/div>\n\t\t<\/section>\n\t\t\t\t<\/div>\n\t\t","protected":false},"excerpt":{"rendered":"<p>Kolory tkanin lnianych TALJA to kameralna pracownia krawiecka znajduj\u0105ca si\u0119 w Szczecinie, w kt\u00f3rej szyjemy tylko z tkanin lnianych. Wykorzystujemy lny najwy\u017cszej jako\u015bci, zmi\u0119kczane i przyjemne dla cia\u0142a. Wszystkie nasze tkaniny charakteryzuj\u0105 si\u0119 szlachetnym sk\u0142adem : len 100% bez \u017cadnych domieszek. Kolorystyka jest u nas zmienna, w zale\u017cno\u015bci od sezonu i zapotrzebowania. Aktualnie dysponujemy poni\u017cszymi [&hellip;]<\/p>\n","protected":false},"author":2,"featured_media":0,"parent":0,"menu_order":0,"comment_status":"closed","ping_status":"closed","template":"","meta":{"footnotes":""},"class_list":["post-3185","page","type-page","status-publish","hentry","entry","owp-thumbs-layout-horizontal","owp-btn-big","owp-tabs-layout-horizontal","has-no-thumbnails","has-product-nav"],"yoast_head":"<!-- This site is optimized with the Yoast SEO plugin v27.0 - https:\/\/yoast.com\/product\/yoast-seo-wordpress\/ -->\n<title>KOLORY LN\u00d3W - www.talja.pl<\/title>\n<meta name=\"robots\" content=\"index, follow, max-snippet:-1, max-image-preview:large, max-video-preview:-1\" \/>\n<link rel=\"canonical\" href=\"https:\/\/talja.pl\/index.php\/kolory-lnow\/\" \/>\n<meta property=\"og:locale\" content=\"pl_PL\" \/>\n<meta property=\"og:type\" content=\"article\" \/>\n<meta property=\"og:title\" content=\"KOLORY LN\u00d3W - www.talja.pl\" \/>\n<meta property=\"og:description\" content=\"Kolory tkanin lnianych TALJA to kameralna pracownia krawiecka znajduj\u0105ca si\u0119 w Szczecinie, w kt\u00f3rej szyjemy tylko z tkanin lnianych. Wykorzystujemy lny najwy\u017cszej jako\u015bci, zmi\u0119kczane i przyjemne dla cia\u0142a. Wszystkie nasze tkaniny charakteryzuj\u0105 si\u0119 szlachetnym sk\u0142adem : len 100% bez \u017cadnych domieszek. Kolorystyka jest u nas zmienna, w zale\u017cno\u015bci od sezonu i zapotrzebowania. Aktualnie dysponujemy poni\u017cszymi [&hellip;]\" \/>\n<meta property=\"og:url\" content=\"https:\/\/talja.pl\/index.php\/kolory-lnow\/\" \/>\n<meta property=\"og:site_name\" content=\"www.talja.pl\" \/>\n<meta property=\"article:publisher\" content=\"https:\/\/www.facebook.com\/Talja-418285408906660\/\" \/>\n<meta property=\"article:modified_time\" content=\"2023-04-12T12:02:43+00:00\" \/>\n<meta property=\"og:image\" content=\"https:\/\/talja.pl\/wp-content\/uploads\/2023\/02\/kolorystyka-lnow-TALJA-ost.jpg\" \/>\n<meta name=\"twitter:card\" content=\"summary_large_image\" \/>\n<meta name=\"twitter:site\" content=\"@talja_pracownia\" \/>\n<meta name=\"twitter:label1\" content=\"Szacowany czas czytania\" \/>\n\t<meta name=\"twitter:data1\" content=\"3 minuty\" \/>\n<script type=\"application\/ld+json\" class=\"yoast-schema-graph\">{\"@context\":\"https:\/\/schema.org\",\"@graph\":[{\"@type\":\"WebPage\",\"@id\":\"https:\/\/talja.pl\/index.php\/kolory-lnow\/\",\"url\":\"https:\/\/talja.pl\/index.php\/kolory-lnow\/\",\"name\":\"KOLORY LN\u00d3W - www.talja.pl\",\"isPartOf\":{\"@id\":\"https:\/\/talja.pl\/#website\"},\"primaryImageOfPage\":{\"@id\":\"https:\/\/talja.pl\/index.php\/kolory-lnow\/#primaryimage\"},\"image\":{\"@id\":\"https:\/\/talja.pl\/index.php\/kolory-lnow\/#primaryimage\"},\"thumbnailUrl\":\"https:\/\/talja.pl\/wp-content\/uploads\/2023\/02\/kolorystyka-lnow-TALJA-ost.jpg\",\"datePublished\":\"2020-09-29T12:49:37+00:00\",\"dateModified\":\"2023-04-12T12:02:43+00:00\",\"breadcrumb\":{\"@id\":\"https:\/\/talja.pl\/index.php\/kolory-lnow\/#breadcrumb\"},\"inLanguage\":\"pl-PL\",\"potentialAction\":[{\"@type\":\"ReadAction\",\"target\":[\"https:\/\/talja.pl\/index.php\/kolory-lnow\/\"]}]},{\"@type\":\"ImageObject\",\"inLanguage\":\"pl-PL\",\"@id\":\"https:\/\/talja.pl\/index.php\/kolory-lnow\/#primaryimage\",\"url\":\"https:\/\/talja.pl\/wp-content\/uploads\/2023\/02\/kolorystyka-lnow-TALJA-ost-e1736342965111.jpg\",\"contentUrl\":\"https:\/\/talja.pl\/wp-content\/uploads\/2023\/02\/kolorystyka-lnow-TALJA-ost-e1736342965111.jpg\",\"width\":1072,\"height\":1592,\"caption\":\"kolorystyka ln\u00f3w TALJA\"},{\"@type\":\"BreadcrumbList\",\"@id\":\"https:\/\/talja.pl\/index.php\/kolory-lnow\/#breadcrumb\",\"itemListElement\":[{\"@type\":\"ListItem\",\"position\":1,\"name\":\"Strona g\u0142\u00f3wna\",\"item\":\"https:\/\/talja.pl\/\"},{\"@type\":\"ListItem\",\"position\":2,\"name\":\"KOLORY LN\u00d3W\"}]},{\"@type\":\"WebSite\",\"@id\":\"https:\/\/talja.pl\/#website\",\"url\":\"https:\/\/talja.pl\/\",\"name\":\"www.talja.pl\",\"description\":\"\",\"publisher\":{\"@id\":\"https:\/\/talja.pl\/#organization\"},\"potentialAction\":[{\"@type\":\"SearchAction\",\"target\":{\"@type\":\"EntryPoint\",\"urlTemplate\":\"https:\/\/talja.pl\/?s={search_term_string}\"},\"query-input\":{\"@type\":\"PropertyValueSpecification\",\"valueRequired\":true,\"valueName\":\"search_term_string\"}}],\"inLanguage\":\"pl-PL\"},{\"@type\":\"Organization\",\"@id\":\"https:\/\/talja.pl\/#organization\",\"name\":\"Talja\",\"url\":\"https:\/\/talja.pl\/\",\"logo\":{\"@type\":\"ImageObject\",\"inLanguage\":\"pl-PL\",\"@id\":\"https:\/\/talja.pl\/#\/schema\/logo\/image\/\",\"url\":\"https:\/\/talja.pl\/wp-content\/uploads\/2019\/06\/baner-talja-2.jpg\",\"contentUrl\":\"https:\/\/talja.pl\/wp-content\/uploads\/2019\/06\/baner-talja-2.jpg\",\"width\":1300,\"height\":300,\"caption\":\"Talja\"},\"image\":{\"@id\":\"https:\/\/talja.pl\/#\/schema\/logo\/image\/\"},\"sameAs\":[\"https:\/\/www.facebook.com\/Talja-418285408906660\/\",\"https:\/\/x.com\/talja_pracownia\",\"https:\/\/www.instagram.com\/talja_pracownia\/\"]}]}<\/script>\n<!-- \/ Yoast SEO plugin. -->","yoast_head_json":{"title":"KOLORY LN\u00d3W - www.talja.pl","robots":{"index":"index","follow":"follow","max-snippet":"max-snippet:-1","max-image-preview":"max-image-preview:large","max-video-preview":"max-video-preview:-1"},"canonical":"https:\/\/talja.pl\/index.php\/kolory-lnow\/","og_locale":"pl_PL","og_type":"article","og_title":"KOLORY LN\u00d3W - www.talja.pl","og_description":"Kolory tkanin lnianych TALJA to kameralna pracownia krawiecka znajduj\u0105ca si\u0119 w Szczecinie, w kt\u00f3rej szyjemy tylko z tkanin lnianych. Wykorzystujemy lny najwy\u017cszej jako\u015bci, zmi\u0119kczane i przyjemne dla cia\u0142a. Wszystkie nasze tkaniny charakteryzuj\u0105 si\u0119 szlachetnym sk\u0142adem : len 100% bez \u017cadnych domieszek. Kolorystyka jest u nas zmienna, w zale\u017cno\u015bci od sezonu i zapotrzebowania. Aktualnie dysponujemy poni\u017cszymi [&hellip;]","og_url":"https:\/\/talja.pl\/index.php\/kolory-lnow\/","og_site_name":"www.talja.pl","article_publisher":"https:\/\/www.facebook.com\/Talja-418285408906660\/","article_modified_time":"2023-04-12T12:02:43+00:00","og_image":[{"url":"https:\/\/talja.pl\/wp-content\/uploads\/2023\/02\/kolorystyka-lnow-TALJA-ost.jpg","type":"","width":"","height":""}],"twitter_card":"summary_large_image","twitter_site":"@talja_pracownia","twitter_misc":{"Szacowany czas czytania":"3 minuty"},"schema":{"@context":"https:\/\/schema.org","@graph":[{"@type":"WebPage","@id":"https:\/\/talja.pl\/index.php\/kolory-lnow\/","url":"https:\/\/talja.pl\/index.php\/kolory-lnow\/","name":"KOLORY LN\u00d3W - www.talja.pl","isPartOf":{"@id":"https:\/\/talja.pl\/#website"},"primaryImageOfPage":{"@id":"https:\/\/talja.pl\/index.php\/kolory-lnow\/#primaryimage"},"image":{"@id":"https:\/\/talja.pl\/index.php\/kolory-lnow\/#primaryimage"},"thumbnailUrl":"https:\/\/talja.pl\/wp-content\/uploads\/2023\/02\/kolorystyka-lnow-TALJA-ost.jpg","datePublished":"2020-09-29T12:49:37+00:00","dateModified":"2023-04-12T12:02:43+00:00","breadcrumb":{"@id":"https:\/\/talja.pl\/index.php\/kolory-lnow\/#breadcrumb"},"inLanguage":"pl-PL","potentialAction":[{"@type":"ReadAction","target":["https:\/\/talja.pl\/index.php\/kolory-lnow\/"]}]},{"@type":"ImageObject","inLanguage":"pl-PL","@id":"https:\/\/talja.pl\/index.php\/kolory-lnow\/#primaryimage","url":"https:\/\/talja.pl\/wp-content\/uploads\/2023\/02\/kolorystyka-lnow-TALJA-ost-e1736342965111.jpg","contentUrl":"https:\/\/talja.pl\/wp-content\/uploads\/2023\/02\/kolorystyka-lnow-TALJA-ost-e1736342965111.jpg","width":1072,"height":1592,"caption":"kolorystyka ln\u00f3w TALJA"},{"@type":"BreadcrumbList","@id":"https:\/\/talja.pl\/index.php\/kolory-lnow\/#breadcrumb","itemListElement":[{"@type":"ListItem","position":1,"name":"Strona g\u0142\u00f3wna","item":"https:\/\/talja.pl\/"},{"@type":"ListItem","position":2,"name":"KOLORY LN\u00d3W"}]},{"@type":"WebSite","@id":"https:\/\/talja.pl\/#website","url":"https:\/\/talja.pl\/","name":"www.talja.pl","description":"","publisher":{"@id":"https:\/\/talja.pl\/#organization"},"potentialAction":[{"@type":"SearchAction","target":{"@type":"EntryPoint","urlTemplate":"https:\/\/talja.pl\/?s={search_term_string}"},"query-input":{"@type":"PropertyValueSpecification","valueRequired":true,"valueName":"search_term_string"}}],"inLanguage":"pl-PL"},{"@type":"Organization","@id":"https:\/\/talja.pl\/#organization","name":"Talja","url":"https:\/\/talja.pl\/","logo":{"@type":"ImageObject","inLanguage":"pl-PL","@id":"https:\/\/talja.pl\/#\/schema\/logo\/image\/","url":"https:\/\/talja.pl\/wp-content\/uploads\/2019\/06\/baner-talja-2.jpg","contentUrl":"https:\/\/talja.pl\/wp-content\/uploads\/2019\/06\/baner-talja-2.jpg","width":1300,"height":300,"caption":"Talja"},"image":{"@id":"https:\/\/talja.pl\/#\/schema\/logo\/image\/"},"sameAs":["https:\/\/www.facebook.com\/Talja-418285408906660\/","https:\/\/x.com\/talja_pracownia","https:\/\/www.instagram.com\/talja_pracownia\/"]}]}},"_links":{"self":[{"href":"https:\/\/talja.pl\/index.php\/wp-json\/wp\/v2\/pages\/3185","targetHints":{"allow":["GET"]}}],"collection":[{"href":"https:\/\/talja.pl\/index.php\/wp-json\/wp\/v2\/pages"}],"about":[{"href":"https:\/\/talja.pl\/index.php\/wp-json\/wp\/v2\/types\/page"}],"author":[{"embeddable":true,"href":"https:\/\/talja.pl\/index.php\/wp-json\/wp\/v2\/users\/2"}],"replies":[{"embeddable":true,"href":"https:\/\/talja.pl\/index.php\/wp-json\/wp\/v2\/comments?post=3185"}],"version-history":[{"count":66,"href":"https:\/\/talja.pl\/index.php\/wp-json\/wp\/v2\/pages\/3185\/revisions"}],"predecessor-version":[{"id":7586,"href":"https:\/\/talja.pl\/index.php\/wp-json\/wp\/v2\/pages\/3185\/revisions\/7586"}],"wp:attachment":[{"href":"https:\/\/talja.pl\/index.php\/wp-json\/wp\/v2\/media?parent=3185"}],"curies":[{"name":"wp","href":"https:\/\/api.w.org\/{rel}","templated":true}]}}