{"id":10741,"date":"2024-06-02T14:35:58","date_gmt":"2024-06-02T12:35:58","guid":{"rendered":"https:\/\/talja.pl\/?post_type=product&#038;p=10741"},"modified":"2026-02-03T10:14:28","modified_gmt":"2026-02-03T09:14:28","slug":"lniana-spodnica-z-polkola-kolory-dostepne-od-reki","status":"publish","type":"product","link":"https:\/\/talja.pl\/index.php\/produkt\/lniana-spodnica-z-polkola-kolory-dostepne-od-reki\/","title":{"rendered":"Lniana sp\u00f3dnica z p\u00f3\u0142kola &#8211; kolory (wysy\u0142ka 48h)"},"content":{"rendered":"<h4><strong>Sp\u00f3dnica z P\u00d3\u0141KOLA<br \/>\n<\/strong><\/h4>\n<p>Lniana sp\u00f3dnica z p\u00f3\u0142kola na gumie posiada kr\u00f3j korzystny dla ka\u017cdej sylwetki. To klasyczne rozwi\u0105zanie wzbogacone o romantyczny akcent jakim jest dodatkowy pasek, kt\u00f3ry zawi\u0105\u017cesz w kokardk\u0119. B\u0119dzie Twoj\u0105 niezast\u0105pion\u0105 kompank\u0105 na wyj\u015bcia od tych bardziej lu\u017anych, jak pla\u017ca, czy lasy po miejsk\u0105 d\u017cungl\u0119, a nawet uroczyste okazje. Za\u0142\u00f3\u017c do niej lniany top <a href=\"https:\/\/talja.pl\/index.php\/produkt\/lniany-top-kolory\/\">klik<\/a>, lub po prostu bia\u0142y t-shirt i poczuj nieskr\u0119powan\u0105 lekko\u015b\u0107 z nut\u0105 dziewcz\u0119co\u015bci.<\/p>\n<h4><strong>Za co j\u0105 pokochasz?\u00a0<\/strong><\/h4>\n<ul>\n<li>kieszenie na podr\u0119czne skarby<\/li>\n<li>niezaprzeczalna wygodna \u2013 elastyczna guma w talii ukryta w tylnej cz\u0119\u015bci paska,a wi\u0119c dodatkowa porcja serniczka niestraszna!<\/li>\n<li>kr\u00f3j z p\u00f3\u0142kola, korzystny dla ka\u017cdej sylwetki<\/li>\n<li>szlufki oraz dodatkowy cienki pasek z tkaniny lnianej. No\u015b sp\u00f3dnic\u0119 z nim, lub bez niego &#8211; jak wolisz.<\/li>\n<li>uszycie z dba\u0142o\u015bci\u0105 w niewielkiej manufakturze w Szczecinie<br \/>\n<h4><strong>Rozmiar\u00a0<\/strong><\/h4>\n<p><img fetchpriority=\"high\" decoding=\"async\" class=\"alignnone wp-image-7737 size-full\" src=\"https:\/\/talja.pl\/wp-content\/uploads\/2023\/04\/Spodnica-z-Polkola-OST.png\" alt=\"\" width=\"877\" height=\"164\" srcset=\"https:\/\/talja.pl\/wp-content\/uploads\/2023\/04\/Spodnica-z-Polkola-OST.png 877w, https:\/\/talja.pl\/wp-content\/uploads\/2023\/04\/Spodnica-z-Polkola-OST-300x56.png 300w, https:\/\/talja.pl\/wp-content\/uploads\/2023\/04\/Spodnica-z-Polkola-OST-768x144.png 768w\" sizes=\"(max-width: 877px) 100vw, 877px\" \/>Natalia (173cm ) prezentuje sp\u00f3dnic\u0119 w rozmiarze S , &#8220;ceg\u0142a &#8221; -d\u0142ugo\u015bci MIDI oraz kolorze &#8221; czarnym&#8221; d\u0142ugo\u015bci MIDI. Je\u015bli chcesz dowiedzie\u0107 si\u0119 wi\u0119cej o kolorach z jakich szyjemy w pracowni &#8211; zerknij<a href=\"https:\/\/talja.pl\/index.php\/kolory-lnow\/\"> tutaj<\/a> .<\/p>\n<p>Je\u015bli masz problem z doborem rozmiaru, czy koloru lnu &#8211; napisz do nas na kontakt@talja.pl \u2013 ch\u0119tnie pomo\u017cemy<\/li>\n<\/ul>\n<p><img decoding=\"async\" class=\"wp-image-5333 size-medium aligncenter\" src=\"https:\/\/talja.pl\/wp-content\/uploads\/2022\/04\/Certyfikat-Oeko-Tex-standard-100-300x119.png\" alt=\"\" width=\"300\" height=\"119\" \/><\/p>\n<p>Wszystkie nasze lny s\u0105 produkcji polskiej oraz spe\u0142niaj\u0105 wymogi\u00a0 norm\u00a0<strong>OEKO TEX \u2013 Standard 100<\/strong>, co oznacza, \u017ce zosta\u0142y przebadane i nie zawieraj\u0105 \u015brodk\u00f3w szkodliwych zar\u00f3wno dla cz\u0142owieka jak i \u015brodowiska. Dodatkowo s\u0105 cudownie zmi\u0119kczane, a ten fakt z pewno\u015bci\u0105 doceni Twoja sk\u00f3ra.<\/p>\n<h4><strong>Piel\u0119gnacja\u00a0<\/strong><\/h4>\n<p>Ubrania z lnu traktuj delikatnie. Nie wybielaj, pierz w 30 stopniach, odwirowuj w pralce na ni\u017cszych obrotach i prasuj max w 150st. Dbaj o nie a b\u0119d\u0105 Ci wdzi\u0119czne.<\/p>\n","protected":false},"excerpt":{"rendered":"<p><strong>Co to oznacza, \u017ce sp\u00f3dnica jest dost\u0119pna od r\u0119ki? <\/strong><\/p>\n<p><em>Nie musisz specjalnie czeka\u0107 na uszycie sp\u00f3dnicy. Sp\u00f3dnica jest uszyta, gotowa do wysy\u0142ki i dotrze do Ciebie bardzo szybko. Wysy\u0142amy do 48h od zaksi\u0119gowania p\u0142atno\u015bci na koncie.<\/em><\/p>\n<p><strong>Jakie rozmiary i kolory dost\u0119pne s\u0105 od r\u0119ki?<\/strong><\/p>\n<p><em>Dost\u0119pno\u015b\u0107 gotowych sp\u00f3dnic sprawdzisz wybieraj\u0105c z podanych poni\u017cej przycisk\u00f3w zawieraj\u0105cych rozmiar i kolor danej sp\u00f3dnicy<br \/>\n<\/em><\/p>\n<hr \/>\n<p>Je\u015bli pragniesz zam\u00f3wi\u0107 inny rozmiar i kolor sp\u00f3dnicy i , zerknij<a href=\"https:\/\/talja.pl\/index.php\/produkt\/lniana-spodnica-z-polkola-kolory\/\"> tutaj.<\/a><\/p>\n<p><strong>Sk\u0142ad : Len 100% , polskiej produkcji<\/strong><\/p>\n<p><span style=\"color: #ff0000;\"><em>Wysy\u0142ka\u00a0 : do 48h<\/em><\/span><\/p>\n<p>Wyprodukowano w <strong>kameralnej pracowni w Szczecinie. <\/strong>Zamawiaj\u0105c w Talji wspierasz polskie rzemios\u0142o.<\/p>\n","protected":false},"featured_media":8791,"comment_status":"open","ping_status":"closed","template":"","meta":[],"product_brand":[],"product_cat":[32,21],"product_tag":[25,29],"class_list":{"0":"post-10741","1":"product","2":"type-product","3":"status-publish","4":"has-post-thumbnail","6":"product_cat-dostepne-od-reki","7":"product_cat-spodnice","8":"product_tag-len","9":"product_tag-spodnica","10":"pa_kolor-liliowy-170g-m2","11":"pa_kolor-pochmurne-niebo-170g-m2","12":"pa_kolor-mleczna-czekolada-170g-m2","13":"pa_kolor-karmel-170-g-m2","14":"pa_kolor-cegla-150g-m2","15":"pa_kolor-eukaliptus-150g-m2","16":"pa_kolor-stalowo-szary-170g-m2","18":"entry","19":"has-media","21":"first","22":"instock","23":"taxable","24":"shipping-taxable","25":"purchasable","26":"product-type-variable","27":"wvs-archive-product-wrapper","28":"has-rating","29":"has-product-nav","30":"col","31":"span_1_of_4","32":"owp-content-center","33":"owp-thumbs-layout-horizontal","34":"owp-btn-big","35":"owp-tabs-layout-horizontal"},"yoast_head":"<!-- This site is optimized with the Yoast SEO plugin v27.0 - https:\/\/yoast.com\/product\/yoast-seo-wordpress\/ -->\n<title>Lniana sp\u00f3dnica z p\u00f3\u0142kola - kolory (wysy\u0142ka 48h) - www.talja.pl<\/title>\n<meta name=\"description\" content=\"Lniana sp\u00f3dnica z p\u00f3\u0142kola na gumie posiada kr\u00f3j korzystny dla ka\u017cdej sylwetki. To klasyczne rozwi\u0105zanie wzbogacone o dodatkowy pasek.\" \/>\n<meta name=\"robots\" content=\"index, follow, max-snippet:-1, max-image-preview:large, max-video-preview:-1\" \/>\n<link rel=\"canonical\" href=\"https:\/\/talja.pl\/index.php\/produkt\/lniana-spodnica-z-polkola-kolory-dostepne-od-reki\/\" \/>\n<meta property=\"og:locale\" content=\"pl_PL\" \/>\n<meta property=\"og:type\" content=\"article\" \/>\n<meta property=\"og:title\" content=\"Lniana sp\u00f3dnica z p\u00f3\u0142kola - kolory (wysy\u0142ka 48h) - www.talja.pl\" \/>\n<meta property=\"og:description\" content=\"Lniana sp\u00f3dnica z p\u00f3\u0142kola na gumie posiada kr\u00f3j korzystny dla ka\u017cdej sylwetki. To klasyczne rozwi\u0105zanie wzbogacone o dodatkowy pasek.\" \/>\n<meta property=\"og:url\" content=\"https:\/\/talja.pl\/index.php\/produkt\/lniana-spodnica-z-polkola-kolory-dostepne-od-reki\/\" \/>\n<meta property=\"og:site_name\" content=\"www.talja.pl\" \/>\n<meta property=\"article:publisher\" content=\"https:\/\/www.facebook.com\/Talja-418285408906660\/\" \/>\n<meta property=\"article:modified_time\" content=\"2026-02-03T09:14:28+00:00\" \/>\n<meta property=\"og:image\" content=\"https:\/\/talja.pl\/wp-content\/uploads\/2023\/10\/spodnica-z-polkola-mini-talja-profil.jpg\" \/>\n\t<meta property=\"og:image:width\" content=\"961\" \/>\n\t<meta property=\"og:image:height\" content=\"1425\" \/>\n\t<meta property=\"og:image:type\" content=\"image\/jpeg\" \/>\n<meta name=\"twitter:card\" content=\"summary_large_image\" \/>\n<meta name=\"twitter:site\" content=\"@talja_pracownia\" \/>\n<meta name=\"twitter:label1\" content=\"Szacowany czas czytania\" \/>\n\t<meta name=\"twitter:data1\" content=\"3 minuty\" \/>\n<script type=\"application\/ld+json\" class=\"yoast-schema-graph\">{\"@context\":\"https:\/\/schema.org\",\"@graph\":[{\"@type\":\"WebPage\",\"@id\":\"https:\/\/talja.pl\/index.php\/produkt\/lniana-spodnica-z-polkola-kolory-dostepne-od-reki\/\",\"url\":\"https:\/\/talja.pl\/index.php\/produkt\/lniana-spodnica-z-polkola-kolory-dostepne-od-reki\/\",\"name\":\"Lniana sp\u00f3dnica z p\u00f3\u0142kola - kolory (wysy\u0142ka 48h) - www.talja.pl\",\"isPartOf\":{\"@id\":\"https:\/\/talja.pl\/#website\"},\"primaryImageOfPage\":{\"@id\":\"https:\/\/talja.pl\/index.php\/produkt\/lniana-spodnica-z-polkola-kolory-dostepne-od-reki\/#primaryimage\"},\"image\":{\"@id\":\"https:\/\/talja.pl\/index.php\/produkt\/lniana-spodnica-z-polkola-kolory-dostepne-od-reki\/#primaryimage\"},\"thumbnailUrl\":\"https:\/\/talja.pl\/wp-content\/uploads\/2023\/10\/spodnica-z-polkola-mini-talja-profil.jpg\",\"datePublished\":\"2024-06-02T12:35:58+00:00\",\"dateModified\":\"2026-02-03T09:14:28+00:00\",\"description\":\"Lniana sp\u00f3dnica z p\u00f3\u0142kola na gumie posiada kr\u00f3j korzystny dla ka\u017cdej sylwetki. To klasyczne rozwi\u0105zanie wzbogacone o dodatkowy pasek.\",\"breadcrumb\":{\"@id\":\"https:\/\/talja.pl\/index.php\/produkt\/lniana-spodnica-z-polkola-kolory-dostepne-od-reki\/#breadcrumb\"},\"inLanguage\":\"pl-PL\",\"potentialAction\":[{\"@type\":\"ReadAction\",\"target\":[\"https:\/\/talja.pl\/index.php\/produkt\/lniana-spodnica-z-polkola-kolory-dostepne-od-reki\/\"]}]},{\"@type\":\"ImageObject\",\"inLanguage\":\"pl-PL\",\"@id\":\"https:\/\/talja.pl\/index.php\/produkt\/lniana-spodnica-z-polkola-kolory-dostepne-od-reki\/#primaryimage\",\"url\":\"https:\/\/talja.pl\/wp-content\/uploads\/2023\/10\/spodnica-z-polkola-mini-talja-profil.jpg\",\"contentUrl\":\"https:\/\/talja.pl\/wp-content\/uploads\/2023\/10\/spodnica-z-polkola-mini-talja-profil.jpg\",\"width\":961,\"height\":1425,\"caption\":\"lniana sp\u00f3dnica z p\u00f3\u0142kola\"},{\"@type\":\"BreadcrumbList\",\"@id\":\"https:\/\/talja.pl\/index.php\/produkt\/lniana-spodnica-z-polkola-kolory-dostepne-od-reki\/#breadcrumb\",\"itemListElement\":[{\"@type\":\"ListItem\",\"position\":1,\"name\":\"Strona g\u0142\u00f3wna\",\"item\":\"https:\/\/talja.pl\/\"},{\"@type\":\"ListItem\",\"position\":2,\"name\":\"talja.pl\",\"item\":\"https:\/\/talja.pl\/index.php\/sklep\/\"},{\"@type\":\"ListItem\",\"position\":3,\"name\":\"Lniana sp\u00f3dnica z p\u00f3\u0142kola &#8211; kolory (wysy\u0142ka 48h)\"}]},{\"@type\":\"WebSite\",\"@id\":\"https:\/\/talja.pl\/#website\",\"url\":\"https:\/\/talja.pl\/\",\"name\":\"www.talja.pl\",\"description\":\"\",\"publisher\":{\"@id\":\"https:\/\/talja.pl\/#organization\"},\"potentialAction\":[{\"@type\":\"SearchAction\",\"target\":{\"@type\":\"EntryPoint\",\"urlTemplate\":\"https:\/\/talja.pl\/?s={search_term_string}\"},\"query-input\":{\"@type\":\"PropertyValueSpecification\",\"valueRequired\":true,\"valueName\":\"search_term_string\"}}],\"inLanguage\":\"pl-PL\"},{\"@type\":\"Organization\",\"@id\":\"https:\/\/talja.pl\/#organization\",\"name\":\"Talja\",\"url\":\"https:\/\/talja.pl\/\",\"logo\":{\"@type\":\"ImageObject\",\"inLanguage\":\"pl-PL\",\"@id\":\"https:\/\/talja.pl\/#\/schema\/logo\/image\/\",\"url\":\"https:\/\/talja.pl\/wp-content\/uploads\/2019\/06\/baner-talja-2.jpg\",\"contentUrl\":\"https:\/\/talja.pl\/wp-content\/uploads\/2019\/06\/baner-talja-2.jpg\",\"width\":1300,\"height\":300,\"caption\":\"Talja\"},\"image\":{\"@id\":\"https:\/\/talja.pl\/#\/schema\/logo\/image\/\"},\"sameAs\":[\"https:\/\/www.facebook.com\/Talja-418285408906660\/\",\"https:\/\/x.com\/talja_pracownia\",\"https:\/\/www.instagram.com\/talja_pracownia\/\"]}]}<\/script>\n<!-- \/ Yoast SEO plugin. -->","yoast_head_json":{"title":"Lniana sp\u00f3dnica z p\u00f3\u0142kola - kolory (wysy\u0142ka 48h) - www.talja.pl","description":"Lniana sp\u00f3dnica z p\u00f3\u0142kola na gumie posiada kr\u00f3j korzystny dla ka\u017cdej sylwetki. To klasyczne rozwi\u0105zanie wzbogacone o dodatkowy pasek.","robots":{"index":"index","follow":"follow","max-snippet":"max-snippet:-1","max-image-preview":"max-image-preview:large","max-video-preview":"max-video-preview:-1"},"canonical":"https:\/\/talja.pl\/index.php\/produkt\/lniana-spodnica-z-polkola-kolory-dostepne-od-reki\/","og_locale":"pl_PL","og_type":"article","og_title":"Lniana sp\u00f3dnica z p\u00f3\u0142kola - kolory (wysy\u0142ka 48h) - www.talja.pl","og_description":"Lniana sp\u00f3dnica z p\u00f3\u0142kola na gumie posiada kr\u00f3j korzystny dla ka\u017cdej sylwetki. To klasyczne rozwi\u0105zanie wzbogacone o dodatkowy pasek.","og_url":"https:\/\/talja.pl\/index.php\/produkt\/lniana-spodnica-z-polkola-kolory-dostepne-od-reki\/","og_site_name":"www.talja.pl","article_publisher":"https:\/\/www.facebook.com\/Talja-418285408906660\/","article_modified_time":"2026-02-03T09:14:28+00:00","og_image":[{"width":961,"height":1425,"url":"https:\/\/talja.pl\/wp-content\/uploads\/2023\/10\/spodnica-z-polkola-mini-talja-profil.jpg","type":"image\/jpeg"}],"twitter_card":"summary_large_image","twitter_site":"@talja_pracownia","twitter_misc":{"Szacowany czas czytania":"3 minuty"},"schema":{"@context":"https:\/\/schema.org","@graph":[{"@type":"WebPage","@id":"https:\/\/talja.pl\/index.php\/produkt\/lniana-spodnica-z-polkola-kolory-dostepne-od-reki\/","url":"https:\/\/talja.pl\/index.php\/produkt\/lniana-spodnica-z-polkola-kolory-dostepne-od-reki\/","name":"Lniana sp\u00f3dnica z p\u00f3\u0142kola - kolory (wysy\u0142ka 48h) - www.talja.pl","isPartOf":{"@id":"https:\/\/talja.pl\/#website"},"primaryImageOfPage":{"@id":"https:\/\/talja.pl\/index.php\/produkt\/lniana-spodnica-z-polkola-kolory-dostepne-od-reki\/#primaryimage"},"image":{"@id":"https:\/\/talja.pl\/index.php\/produkt\/lniana-spodnica-z-polkola-kolory-dostepne-od-reki\/#primaryimage"},"thumbnailUrl":"https:\/\/talja.pl\/wp-content\/uploads\/2023\/10\/spodnica-z-polkola-mini-talja-profil.jpg","datePublished":"2024-06-02T12:35:58+00:00","dateModified":"2026-02-03T09:14:28+00:00","description":"Lniana sp\u00f3dnica z p\u00f3\u0142kola na gumie posiada kr\u00f3j korzystny dla ka\u017cdej sylwetki. To klasyczne rozwi\u0105zanie wzbogacone o dodatkowy pasek.","breadcrumb":{"@id":"https:\/\/talja.pl\/index.php\/produkt\/lniana-spodnica-z-polkola-kolory-dostepne-od-reki\/#breadcrumb"},"inLanguage":"pl-PL","potentialAction":[{"@type":"ReadAction","target":["https:\/\/talja.pl\/index.php\/produkt\/lniana-spodnica-z-polkola-kolory-dostepne-od-reki\/"]}]},{"@type":"ImageObject","inLanguage":"pl-PL","@id":"https:\/\/talja.pl\/index.php\/produkt\/lniana-spodnica-z-polkola-kolory-dostepne-od-reki\/#primaryimage","url":"https:\/\/talja.pl\/wp-content\/uploads\/2023\/10\/spodnica-z-polkola-mini-talja-profil.jpg","contentUrl":"https:\/\/talja.pl\/wp-content\/uploads\/2023\/10\/spodnica-z-polkola-mini-talja-profil.jpg","width":961,"height":1425,"caption":"lniana sp\u00f3dnica z p\u00f3\u0142kola"},{"@type":"BreadcrumbList","@id":"https:\/\/talja.pl\/index.php\/produkt\/lniana-spodnica-z-polkola-kolory-dostepne-od-reki\/#breadcrumb","itemListElement":[{"@type":"ListItem","position":1,"name":"Strona g\u0142\u00f3wna","item":"https:\/\/talja.pl\/"},{"@type":"ListItem","position":2,"name":"talja.pl","item":"https:\/\/talja.pl\/index.php\/sklep\/"},{"@type":"ListItem","position":3,"name":"Lniana sp\u00f3dnica z p\u00f3\u0142kola &#8211; kolory (wysy\u0142ka 48h)"}]},{"@type":"WebSite","@id":"https:\/\/talja.pl\/#website","url":"https:\/\/talja.pl\/","name":"www.talja.pl","description":"","publisher":{"@id":"https:\/\/talja.pl\/#organization"},"potentialAction":[{"@type":"SearchAction","target":{"@type":"EntryPoint","urlTemplate":"https:\/\/talja.pl\/?s={search_term_string}"},"query-input":{"@type":"PropertyValueSpecification","valueRequired":true,"valueName":"search_term_string"}}],"inLanguage":"pl-PL"},{"@type":"Organization","@id":"https:\/\/talja.pl\/#organization","name":"Talja","url":"https:\/\/talja.pl\/","logo":{"@type":"ImageObject","inLanguage":"pl-PL","@id":"https:\/\/talja.pl\/#\/schema\/logo\/image\/","url":"https:\/\/talja.pl\/wp-content\/uploads\/2019\/06\/baner-talja-2.jpg","contentUrl":"https:\/\/talja.pl\/wp-content\/uploads\/2019\/06\/baner-talja-2.jpg","width":1300,"height":300,"caption":"Talja"},"image":{"@id":"https:\/\/talja.pl\/#\/schema\/logo\/image\/"},"sameAs":["https:\/\/www.facebook.com\/Talja-418285408906660\/","https:\/\/x.com\/talja_pracownia","https:\/\/www.instagram.com\/talja_pracownia\/"]}]}},"_links":{"self":[{"href":"https:\/\/talja.pl\/index.php\/wp-json\/wp\/v2\/product\/10741","targetHints":{"allow":["GET"]}}],"collection":[{"href":"https:\/\/talja.pl\/index.php\/wp-json\/wp\/v2\/product"}],"about":[{"href":"https:\/\/talja.pl\/index.php\/wp-json\/wp\/v2\/types\/product"}],"replies":[{"embeddable":true,"href":"https:\/\/talja.pl\/index.php\/wp-json\/wp\/v2\/comments?post=10741"}],"version-history":[{"count":3,"href":"https:\/\/talja.pl\/index.php\/wp-json\/wp\/v2\/product\/10741\/revisions"}],"predecessor-version":[{"id":11533,"href":"https:\/\/talja.pl\/index.php\/wp-json\/wp\/v2\/product\/10741\/revisions\/11533"}],"wp:featuredmedia":[{"embeddable":true,"href":"https:\/\/talja.pl\/index.php\/wp-json\/wp\/v2\/media\/8791"}],"wp:attachment":[{"href":"https:\/\/talja.pl\/index.php\/wp-json\/wp\/v2\/media?parent=10741"}],"wp:term":[{"taxonomy":"product_brand","embeddable":true,"href":"https:\/\/talja.pl\/index.php\/wp-json\/wp\/v2\/product_brand?post=10741"},{"taxonomy":"product_cat","embeddable":true,"href":"https:\/\/talja.pl\/index.php\/wp-json\/wp\/v2\/product_cat?post=10741"},{"taxonomy":"product_tag","embeddable":true,"href":"https:\/\/talja.pl\/index.php\/wp-json\/wp\/v2\/product_tag?post=10741"}],"curies":[{"name":"wp","href":"https:\/\/api.w.org\/{rel}","templated":true}]}}