{"id":10844,"date":"2024-06-05T16:41:09","date_gmt":"2024-06-05T14:41:09","guid":{"rendered":"https:\/\/talja.pl\/?post_type=product&#038;p=10844"},"modified":"2026-02-02T15:57:08","modified_gmt":"2026-02-02T14:57:08","slug":"lniany-top-kolory-dostepny-od-reki","status":"publish","type":"product","link":"https:\/\/talja.pl\/index.php\/produkt\/lniany-top-kolory-dostepny-od-reki\/","title":{"rendered":"Lniany top (wysy\u0142ka 48h)"},"content":{"rendered":"<p>Lniany top na cienkich rami\u0105czkach to idealne dope\u0142nienie letniej garderoby. Prosty, lecz pi\u0119knie wyko\u0144czony. Jest uniwersalny, za\u0142o\u017cysz go bowiem do jeans\u00f3w, sp\u00f3dnic i szort\u00f3w. Wi\u0105zane rami\u0105czka mo\u017cesz nosi\u0107 na kilka sposob\u00f3w : zawi\u0105zane w kokardki lub supe\u0142ki, usytuuj je z przodu, centralnie lub z ty\u0142u.\u00a0 Rami\u0105czka pozostaw d\u0142u\u017csze, lub kr\u00f3tsze &#8211; to Ty decydujesz finalnie o g\u0142\u0119boko\u015bci dekoltu na jak\u0105 masz w danej chwili ochot\u0119.<\/p>\n<p><strong>Za co go pokochasz:\u00a0<\/strong><\/p>\n<ul>\n<li>dekolt w serek ( z przodu i z ty\u0142u)\u00a0 obszyty eleganckim, szerszym odszyciem;<\/li>\n<li>wi\u0105zane cienkie rami\u0105czka, dzi\u0119ki kt\u00f3rym dostosujesz g\u0142\u0119boko\u015b\u0107 dekoltu dok\u0142adnie tak, jak lubisz;<\/li>\n<li>modeluj\u0105ce zaszewki piersiowe;<\/li>\n<li>delikatna, przewiewna, cudnie zmi\u0119kczana tkanina lniana &#8211; do wyboru masz <strong>ponad 20 kolor\u00f3w ln\u00f3w !\u00a0<\/strong><\/li>\n<\/ul>\n<p>Sk\u0142ad : Len 100%<\/p>\n<p><strong>Model dost\u0119pny w ponad 20 r\u00f3\u017cnych wersjach kolorystycznych. <\/strong>Wybierz ten, o kt\u00f3rym marzysz!\u00a0 Wiedz r\u00f3wnie\u017c, \u017ce wszystkie nasze lny s\u0105 produkcji polskiej oraz spe\u0142niaj\u0105 wymogi\u00a0 norm\u00a0<strong>OEKO TEX \u2013 Standard 100<\/strong>, co oznacza, \u017ce zosta\u0142y przebadane i nie zawieraj\u0105 \u015brodk\u00f3w szkodliwych zar\u00f3wno dla cz\u0142owieka jak i \u015brodowiska. Dodatkowo s\u0105 cudownie zmi\u0119kczane, a ten fakt z pewno\u015bci\u0105 doceni Twoja sk\u00f3ra.<\/p>\n<p><strong>Rozmiar :<\/strong><\/p>\n<table width=\"613\">\n<tbody>\n<tr>\n<td width=\"337\">Wymiary gotowego ubrania mierzonego na p\u0142asko:<\/td>\n<td width=\"69\">S<\/td>\n<td width=\"69\">M<\/td>\n<td width=\"69\">L<\/td>\n<td width=\"69\">XL<\/td>\n<\/tr>\n<tr>\n<td>Szeroko\u015b\u0107 w biu\u015bcie\u00a0 (cm)<\/td>\n<td>45<\/td>\n<td>48<\/td>\n<td>51<\/td>\n<td>54<\/td>\n<\/tr>\n<tr>\n<td>Szeroko\u015b\u0107 do\u0142u topu (cm)<\/td>\n<td>51<\/td>\n<td>55<\/td>\n<td>58<\/td>\n<td>62<\/td>\n<\/tr>\n<tr>\n<td>D\u0142ugo\u015b\u0107 ca\u0142kowita topu ( bez rami\u0105czek) (cm)<\/td>\n<td>50,5<\/td>\n<td>51,5<\/td>\n<td>52,5<\/td>\n<td>53,5<\/td>\n<\/tr>\n<\/tbody>\n<\/table>\n<p><img fetchpriority=\"high\" decoding=\"async\" class=\"size-medium wp-image-3930 alignleft\" src=\"https:\/\/talja.pl\/wp-content\/uploads\/2021\/06\/www.talja_.pl-m-topIMG_9309-200x300.jpg\" alt=\"www.talja.pl top lniany\" width=\"200\" height=\"300\" \/><\/p>\n<p>Natalia mierzy 173 cm i prezentuje top w kolorze lnu&#8221; naturalnym&#8221; w rozmiarze S.<\/p>\n<p>Masz problem z doborem rozmiaru, czy koloru lnu ? Napisz do nas na <em>kontakt@talja.pl<\/em> \u2013 ch\u0119tnie pomo\u017cemy!<\/p>\n","protected":false},"excerpt":{"rendered":"<p><strong>Co to oznacza, \u017ce bluzka jest dost\u0119pna od r\u0119ki? <\/strong><\/p>\n<p><em>Nie musisz specjalnie czeka\u0107 na uszycie bluzki. Jest ona ju\u017c uszyta, gotowa do wysy\u0142ki i dotrze do Ciebie bardzo szybko. Wysy\u0142amy do 48h od zaksi\u0119gowania p\u0142atno\u015bci na koncie.<\/em><\/p>\n<p><strong>Jakie rozmiary i kolory dost\u0119pne s\u0105 od r\u0119ki?<\/strong><\/p>\n<p><em>Dost\u0119pno\u015b\u0107 gotowych bluzek sprawdzisz wybieraj\u0105c z podanych poni\u017cej przycisk\u00f3w zawieraj\u0105cych rozmiar i kolor danej bluzki.<br \/>\n<\/em><\/p>\n<hr \/>\n<p>Je\u015bli pragniesz zam\u00f3wi\u0107 inny rozmiar i kolor bluzki , zerknij<a href=\"https:\/\/talja.pl\/index.php\/produkt\/lniany-top-kolory\/\"> tutaj.<\/a><\/p>\n<p><strong>Sk\u0142ad : Len 100% , polskiej produkcji<\/strong><\/p>\n<p><span style=\"color: #ff0000;\"><em>Wysy\u0142ka\u00a0 : do 48h<\/em><\/span><\/p>\n<p>Wyprodukowano w <strong>kameralnej pracowni w Szczecinie. <\/strong>Zamawiaj\u0105c w Talji wspierasz polskie rzemios\u0142o.<\/p>\n","protected":false},"featured_media":3926,"comment_status":"open","ping_status":"closed","template":"","meta":[],"product_brand":[],"product_cat":[39,32],"product_tag":[40,25,41],"class_list":{"0":"post-10844","1":"product","2":"type-product","3":"status-publish","4":"has-post-thumbnail","6":"product_cat-koszule-i-swetry","7":"product_cat-dostepne-od-reki","8":"product_tag-bluzka","9":"product_tag-len","10":"product_tag-top","11":"pa_kolor-naturalny-150g-m2","12":"pa_kolor-baby-blue-150g-m2","13":"pa_kolor-wrszos-150g-m2","15":"entry","16":"has-media","18":"first","19":"instock","20":"taxable","21":"shipping-taxable","22":"purchasable","23":"product-type-variable","24":"wvs-archive-product-wrapper","25":"has-product-nav","26":"col","27":"span_1_of_4","28":"owp-content-center","29":"owp-thumbs-layout-horizontal","30":"owp-btn-big","31":"owp-tabs-layout-horizontal"},"yoast_head":"<!-- This site is optimized with the Yoast SEO plugin v27.0 - https:\/\/yoast.com\/product\/yoast-seo-wordpress\/ -->\n<title>Lniany top (wysy\u0142ka 48h) - www.talja.pl<\/title>\n<meta name=\"description\" content=\"Lniany top na cienkich rami\u0105czkach to idealne dope\u0142nienie letniej garderoby. Prosty, lecz pi\u0119knie wyko\u0144czony. Jest uniwersalny.\" \/>\n<meta name=\"robots\" content=\"index, follow, max-snippet:-1, max-image-preview:large, max-video-preview:-1\" \/>\n<link rel=\"canonical\" href=\"https:\/\/talja.pl\/index.php\/produkt\/lniany-top-kolory-dostepny-od-reki\/\" \/>\n<meta property=\"og:locale\" content=\"pl_PL\" \/>\n<meta property=\"og:type\" content=\"article\" \/>\n<meta property=\"og:title\" content=\"Lniany top (wysy\u0142ka 48h) - www.talja.pl\" \/>\n<meta property=\"og:description\" content=\"Lniany top na cienkich rami\u0105czkach to idealne dope\u0142nienie letniej garderoby. Prosty, lecz pi\u0119knie wyko\u0144czony. Jest uniwersalny.\" \/>\n<meta property=\"og:url\" content=\"https:\/\/talja.pl\/index.php\/produkt\/lniany-top-kolory-dostepny-od-reki\/\" \/>\n<meta property=\"og:site_name\" content=\"www.talja.pl\" \/>\n<meta property=\"article:publisher\" content=\"https:\/\/www.facebook.com\/Talja-418285408906660\/\" \/>\n<meta property=\"article:modified_time\" content=\"2026-02-02T14:57:08+00:00\" \/>\n<meta property=\"og:image\" content=\"https:\/\/talja.pl\/wp-content\/uploads\/2021\/06\/talja-top-1.jpg\" \/>\n\t<meta property=\"og:image:width\" content=\"1080\" \/>\n\t<meta property=\"og:image:height\" content=\"1600\" \/>\n\t<meta property=\"og:image:type\" content=\"image\/jpeg\" \/>\n<meta name=\"twitter:card\" content=\"summary_large_image\" \/>\n<meta name=\"twitter:site\" content=\"@talja_pracownia\" \/>\n<meta name=\"twitter:label1\" content=\"Szacowany czas czytania\" \/>\n\t<meta name=\"twitter:data1\" content=\"2 minuty\" \/>\n<script type=\"application\/ld+json\" class=\"yoast-schema-graph\">{\"@context\":\"https:\/\/schema.org\",\"@graph\":[{\"@type\":\"WebPage\",\"@id\":\"https:\/\/talja.pl\/index.php\/produkt\/lniany-top-kolory-dostepny-od-reki\/\",\"url\":\"https:\/\/talja.pl\/index.php\/produkt\/lniany-top-kolory-dostepny-od-reki\/\",\"name\":\"Lniany top (wysy\u0142ka 48h) - www.talja.pl\",\"isPartOf\":{\"@id\":\"https:\/\/talja.pl\/#website\"},\"primaryImageOfPage\":{\"@id\":\"https:\/\/talja.pl\/index.php\/produkt\/lniany-top-kolory-dostepny-od-reki\/#primaryimage\"},\"image\":{\"@id\":\"https:\/\/talja.pl\/index.php\/produkt\/lniany-top-kolory-dostepny-od-reki\/#primaryimage\"},\"thumbnailUrl\":\"https:\/\/talja.pl\/wp-content\/uploads\/2021\/06\/talja-top-1.jpg\",\"datePublished\":\"2024-06-05T14:41:09+00:00\",\"dateModified\":\"2026-02-02T14:57:08+00:00\",\"description\":\"Lniany top na cienkich rami\u0105czkach to idealne dope\u0142nienie letniej garderoby. Prosty, lecz pi\u0119knie wyko\u0144czony. Jest uniwersalny.\",\"breadcrumb\":{\"@id\":\"https:\/\/talja.pl\/index.php\/produkt\/lniany-top-kolory-dostepny-od-reki\/#breadcrumb\"},\"inLanguage\":\"pl-PL\",\"potentialAction\":[{\"@type\":\"ReadAction\",\"target\":[\"https:\/\/talja.pl\/index.php\/produkt\/lniany-top-kolory-dostepny-od-reki\/\"]}]},{\"@type\":\"ImageObject\",\"inLanguage\":\"pl-PL\",\"@id\":\"https:\/\/talja.pl\/index.php\/produkt\/lniany-top-kolory-dostepny-od-reki\/#primaryimage\",\"url\":\"https:\/\/talja.pl\/wp-content\/uploads\/2021\/06\/talja-top-1.jpg\",\"contentUrl\":\"https:\/\/talja.pl\/wp-content\/uploads\/2021\/06\/talja-top-1.jpg\",\"width\":1080,\"height\":1600,\"caption\":\"www.talja.pl top lniany\"},{\"@type\":\"BreadcrumbList\",\"@id\":\"https:\/\/talja.pl\/index.php\/produkt\/lniany-top-kolory-dostepny-od-reki\/#breadcrumb\",\"itemListElement\":[{\"@type\":\"ListItem\",\"position\":1,\"name\":\"Strona g\u0142\u00f3wna\",\"item\":\"https:\/\/talja.pl\/\"},{\"@type\":\"ListItem\",\"position\":2,\"name\":\"talja.pl\",\"item\":\"https:\/\/talja.pl\/index.php\/sklep\/\"},{\"@type\":\"ListItem\",\"position\":3,\"name\":\"Lniany top (wysy\u0142ka 48h)\"}]},{\"@type\":\"WebSite\",\"@id\":\"https:\/\/talja.pl\/#website\",\"url\":\"https:\/\/talja.pl\/\",\"name\":\"www.talja.pl\",\"description\":\"\",\"publisher\":{\"@id\":\"https:\/\/talja.pl\/#organization\"},\"potentialAction\":[{\"@type\":\"SearchAction\",\"target\":{\"@type\":\"EntryPoint\",\"urlTemplate\":\"https:\/\/talja.pl\/?s={search_term_string}\"},\"query-input\":{\"@type\":\"PropertyValueSpecification\",\"valueRequired\":true,\"valueName\":\"search_term_string\"}}],\"inLanguage\":\"pl-PL\"},{\"@type\":\"Organization\",\"@id\":\"https:\/\/talja.pl\/#organization\",\"name\":\"Talja\",\"url\":\"https:\/\/talja.pl\/\",\"logo\":{\"@type\":\"ImageObject\",\"inLanguage\":\"pl-PL\",\"@id\":\"https:\/\/talja.pl\/#\/schema\/logo\/image\/\",\"url\":\"https:\/\/talja.pl\/wp-content\/uploads\/2019\/06\/baner-talja-2.jpg\",\"contentUrl\":\"https:\/\/talja.pl\/wp-content\/uploads\/2019\/06\/baner-talja-2.jpg\",\"width\":1300,\"height\":300,\"caption\":\"Talja\"},\"image\":{\"@id\":\"https:\/\/talja.pl\/#\/schema\/logo\/image\/\"},\"sameAs\":[\"https:\/\/www.facebook.com\/Talja-418285408906660\/\",\"https:\/\/x.com\/talja_pracownia\",\"https:\/\/www.instagram.com\/talja_pracownia\/\"]}]}<\/script>\n<!-- \/ Yoast SEO plugin. -->","yoast_head_json":{"title":"Lniany top (wysy\u0142ka 48h) - www.talja.pl","description":"Lniany top na cienkich rami\u0105czkach to idealne dope\u0142nienie letniej garderoby. Prosty, lecz pi\u0119knie wyko\u0144czony. Jest uniwersalny.","robots":{"index":"index","follow":"follow","max-snippet":"max-snippet:-1","max-image-preview":"max-image-preview:large","max-video-preview":"max-video-preview:-1"},"canonical":"https:\/\/talja.pl\/index.php\/produkt\/lniany-top-kolory-dostepny-od-reki\/","og_locale":"pl_PL","og_type":"article","og_title":"Lniany top (wysy\u0142ka 48h) - www.talja.pl","og_description":"Lniany top na cienkich rami\u0105czkach to idealne dope\u0142nienie letniej garderoby. Prosty, lecz pi\u0119knie wyko\u0144czony. Jest uniwersalny.","og_url":"https:\/\/talja.pl\/index.php\/produkt\/lniany-top-kolory-dostepny-od-reki\/","og_site_name":"www.talja.pl","article_publisher":"https:\/\/www.facebook.com\/Talja-418285408906660\/","article_modified_time":"2026-02-02T14:57:08+00:00","og_image":[{"width":1080,"height":1600,"url":"https:\/\/talja.pl\/wp-content\/uploads\/2021\/06\/talja-top-1.jpg","type":"image\/jpeg"}],"twitter_card":"summary_large_image","twitter_site":"@talja_pracownia","twitter_misc":{"Szacowany czas czytania":"2 minuty"},"schema":{"@context":"https:\/\/schema.org","@graph":[{"@type":"WebPage","@id":"https:\/\/talja.pl\/index.php\/produkt\/lniany-top-kolory-dostepny-od-reki\/","url":"https:\/\/talja.pl\/index.php\/produkt\/lniany-top-kolory-dostepny-od-reki\/","name":"Lniany top (wysy\u0142ka 48h) - www.talja.pl","isPartOf":{"@id":"https:\/\/talja.pl\/#website"},"primaryImageOfPage":{"@id":"https:\/\/talja.pl\/index.php\/produkt\/lniany-top-kolory-dostepny-od-reki\/#primaryimage"},"image":{"@id":"https:\/\/talja.pl\/index.php\/produkt\/lniany-top-kolory-dostepny-od-reki\/#primaryimage"},"thumbnailUrl":"https:\/\/talja.pl\/wp-content\/uploads\/2021\/06\/talja-top-1.jpg","datePublished":"2024-06-05T14:41:09+00:00","dateModified":"2026-02-02T14:57:08+00:00","description":"Lniany top na cienkich rami\u0105czkach to idealne dope\u0142nienie letniej garderoby. Prosty, lecz pi\u0119knie wyko\u0144czony. Jest uniwersalny.","breadcrumb":{"@id":"https:\/\/talja.pl\/index.php\/produkt\/lniany-top-kolory-dostepny-od-reki\/#breadcrumb"},"inLanguage":"pl-PL","potentialAction":[{"@type":"ReadAction","target":["https:\/\/talja.pl\/index.php\/produkt\/lniany-top-kolory-dostepny-od-reki\/"]}]},{"@type":"ImageObject","inLanguage":"pl-PL","@id":"https:\/\/talja.pl\/index.php\/produkt\/lniany-top-kolory-dostepny-od-reki\/#primaryimage","url":"https:\/\/talja.pl\/wp-content\/uploads\/2021\/06\/talja-top-1.jpg","contentUrl":"https:\/\/talja.pl\/wp-content\/uploads\/2021\/06\/talja-top-1.jpg","width":1080,"height":1600,"caption":"www.talja.pl top lniany"},{"@type":"BreadcrumbList","@id":"https:\/\/talja.pl\/index.php\/produkt\/lniany-top-kolory-dostepny-od-reki\/#breadcrumb","itemListElement":[{"@type":"ListItem","position":1,"name":"Strona g\u0142\u00f3wna","item":"https:\/\/talja.pl\/"},{"@type":"ListItem","position":2,"name":"talja.pl","item":"https:\/\/talja.pl\/index.php\/sklep\/"},{"@type":"ListItem","position":3,"name":"Lniany top (wysy\u0142ka 48h)"}]},{"@type":"WebSite","@id":"https:\/\/talja.pl\/#website","url":"https:\/\/talja.pl\/","name":"www.talja.pl","description":"","publisher":{"@id":"https:\/\/talja.pl\/#organization"},"potentialAction":[{"@type":"SearchAction","target":{"@type":"EntryPoint","urlTemplate":"https:\/\/talja.pl\/?s={search_term_string}"},"query-input":{"@type":"PropertyValueSpecification","valueRequired":true,"valueName":"search_term_string"}}],"inLanguage":"pl-PL"},{"@type":"Organization","@id":"https:\/\/talja.pl\/#organization","name":"Talja","url":"https:\/\/talja.pl\/","logo":{"@type":"ImageObject","inLanguage":"pl-PL","@id":"https:\/\/talja.pl\/#\/schema\/logo\/image\/","url":"https:\/\/talja.pl\/wp-content\/uploads\/2019\/06\/baner-talja-2.jpg","contentUrl":"https:\/\/talja.pl\/wp-content\/uploads\/2019\/06\/baner-talja-2.jpg","width":1300,"height":300,"caption":"Talja"},"image":{"@id":"https:\/\/talja.pl\/#\/schema\/logo\/image\/"},"sameAs":["https:\/\/www.facebook.com\/Talja-418285408906660\/","https:\/\/x.com\/talja_pracownia","https:\/\/www.instagram.com\/talja_pracownia\/"]}]}},"_links":{"self":[{"href":"https:\/\/talja.pl\/index.php\/wp-json\/wp\/v2\/product\/10844","targetHints":{"allow":["GET"]}}],"collection":[{"href":"https:\/\/talja.pl\/index.php\/wp-json\/wp\/v2\/product"}],"about":[{"href":"https:\/\/talja.pl\/index.php\/wp-json\/wp\/v2\/types\/product"}],"replies":[{"embeddable":true,"href":"https:\/\/talja.pl\/index.php\/wp-json\/wp\/v2\/comments?post=10844"}],"version-history":[{"count":5,"href":"https:\/\/talja.pl\/index.php\/wp-json\/wp\/v2\/product\/10844\/revisions"}],"predecessor-version":[{"id":15271,"href":"https:\/\/talja.pl\/index.php\/wp-json\/wp\/v2\/product\/10844\/revisions\/15271"}],"wp:featuredmedia":[{"embeddable":true,"href":"https:\/\/talja.pl\/index.php\/wp-json\/wp\/v2\/media\/3926"}],"wp:attachment":[{"href":"https:\/\/talja.pl\/index.php\/wp-json\/wp\/v2\/media?parent=10844"}],"wp:term":[{"taxonomy":"product_brand","embeddable":true,"href":"https:\/\/talja.pl\/index.php\/wp-json\/wp\/v2\/product_brand?post=10844"},{"taxonomy":"product_cat","embeddable":true,"href":"https:\/\/talja.pl\/index.php\/wp-json\/wp\/v2\/product_cat?post=10844"},{"taxonomy":"product_tag","embeddable":true,"href":"https:\/\/talja.pl\/index.php\/wp-json\/wp\/v2\/product_tag?post=10844"}],"curies":[{"name":"wp","href":"https:\/\/api.w.org\/{rel}","templated":true}]}}