{"id":10970,"date":"2025-07-11T14:11:04","date_gmt":"2025-07-11T12:11:04","guid":{"rendered":"https:\/\/talja.pl\/?post_type=product&#038;p=10970"},"modified":"2026-04-21T14:35:23","modified_gmt":"2026-04-21T12:35:23","slug":"lniana-sukienka-estera-kolory-kr-rekaw","status":"publish","type":"product","link":"https:\/\/talja.pl\/index.php\/produkt\/lniana-sukienka-estera-kolory-kr-rekaw\/","title":{"rendered":"Lniana sukienka ESTERA kr\u00f3tki r\u0119kaw"},"content":{"rendered":"<p>Lniana sukienka\u00a0 ESTERA z kr\u00f3tkim r\u0119kawkiem to sukienka znana wcze\u015bniej i ch\u0119tnie przez Was zamawia w wersji z d\u0142u\u017cszym r\u0119kawkiem ( <a href=\"https:\/\/talja.pl\/index.php\/produkt\/lniana-sukienka-estera-kolory\/\">klik<\/a>) .Uszyta w naszej kameralnej, szczeci\u0144skiej pracowni z najwy\u017cszej jako\u015bci, polskiego, zmi\u0119kczanego lnu.\u00a0 ESTERA\u00a0 to niezwyk\u0142ej urody sukienka, kt\u00f3r\u0105 za\u0142o\u017cysz na wiele okazji: wyj\u015bcie do parku, na randk\u0119 czy na wa\u017cn\u0105 uroczysto\u015b\u0107. W ka\u017cdej sytuacji odnajdzie si\u0119 znakomicie!<\/p>\n<h4><strong>Za co j\u0105 pokochasz?\u00a0<\/strong><\/h4>\n<ul>\n<li>za mo\u017cliwo\u015b\u0107 uszycia jej\u00a0<strong>w jednym z niemal\u017ce 30 dost\u0119pnych kolor\u00f3w ln\u00f3w ( 100%len \u2013 zmi\u0119kczany) , <\/strong>wi\u0119cej o kolorach ln\u00f3w z kt\u00f3rych szyjemy poczytasz <a href=\"https:\/\/talja.pl\/index.php\/kolory-lnow\/\">tutaj <\/a><strong><br \/>\n<\/strong><\/li>\n<li>a\u017c trzy d\u0142ugo\u015bci sukienki do wyboru : SHORT ( 55cm od talii),REGULAR ( 65 cm) oraz MIDI ( 80 cm)<\/li>\n<li><strong>kr\u00f3j z wszytym geometrycznym pasem podkre\u015blaj\u0105cym ob\u0142\u0119dnie tali\u0119<\/strong>;\u00a0 nawet je\u015bli my\u015blisz, \u017ce jej nie masz \u2013 zaskoczenie ! \u2013 w tym fasonie j\u0105 odkryjesz!<\/li>\n<li>szarfy, dzi\u0119ki kt\u00f3rym wyeksponujesz tali\u0119 jeszcze pi\u0119kniej<\/li>\n<li>zamek kryty w szwie bocznym<\/li>\n<li><strong>efektowne, mnogie marszczenia, kt\u00f3re dodaj\u0105 sukience lekko\u015bci i dziewcz\u0119co\u015bci<\/strong><\/li>\n<li><strong>zwiewny d\u00f3\u0142, wyko\u0144czony falbank\u0105, dodaj\u0105cy filigranowo\u015bci<br \/>\n<\/strong><\/li>\n<li>kr\u00f3tkie r\u0119kawki wyko\u0144czone zgrabn\u0105, nieuciskaj\u0105ca gumeczk\u0105.<\/li>\n<li>uszycie z dba\u0142o\u015bci\u0105 w niewielkiej manufakturze w Szczecinie<\/li>\n<\/ul>\n<h4><strong>Sk\u0142ad i szycie\u00a0<\/strong><\/h4>\n<p><strong>len 100%<\/strong>, zmi\u0119kczany ; produkcji polskiej. Do wyboru w ponad 20 kolorach !<\/p>\n<p>Sukienka powstanie dla Ciebie w kameralnej szczeci\u0144skiej pracowni .<\/p>\n<p><img decoding=\"async\" class=\"alignnone wp-image-5333 size-medium\" src=\"https:\/\/talja.pl\/wp-content\/uploads\/2022\/04\/Certyfikat-Oeko-Tex-standard-100-300x119.png\" alt=\"\" width=\"300\" height=\"119\" \/>Wszystkie nasze lny s\u0105 produkcji polskiej oraz spe\u0142niaj\u0105 wymogi\u00a0 norm\u00a0<strong>OEKO TEX \u2013 Standard 100<\/strong>, co oznacza, \u017ce zosta\u0142y przebadane i nie zawieraj\u0105 \u015brodk\u00f3w szkodliwych zar\u00f3wno dla cz\u0142owieka jak i \u015brodowiska. Dodatkowo s\u0105 cudownie zmi\u0119kczane, a ten fakt z pewno\u015bci\u0105 doceni Twoja sk\u00f3ra.<\/p>\n<h4><strong>Rozmiar\u00a0<\/strong><\/h4>\n<p>W poni\u017cszej tabeli znajdziesz wymiary gotowego ubrania mierzonego na p\u0142asko.<\/p>\n<p><img fetchpriority=\"high\" decoding=\"async\" class=\"alignnone wp-image-7674 size-full\" src=\"https:\/\/talja.pl\/wp-content\/uploads\/2022\/08\/scarlett--e1720764004502.png\" alt=\"\" width=\"789\" height=\"116\" srcset=\"https:\/\/talja.pl\/wp-content\/uploads\/2022\/08\/scarlett--e1720764004502.png 789w, https:\/\/talja.pl\/wp-content\/uploads\/2022\/08\/scarlett--e1720764004502-300x44.png 300w, https:\/\/talja.pl\/wp-content\/uploads\/2022\/08\/scarlett--e1720764004502-768x113.png 768w\" sizes=\"(max-width: 789px) 100vw, 789px\" \/><\/p>\n<p>Wymiary +-2cm<\/p>\n<p>Przy wyborze sukienki kieruj si\u0119 prosz\u0119 wymiarami biustu oraz talii.<\/p>\n<p>Na filmiku Natalia prezentuje Ester\u0119 z d\u0142u\u017cszym r\u0119kawkiem , Natalia ma wzrost 173cm, obw\u00f3d biustu 83cm i prezentuje rozmiar S, kolor koktajl truskawkowy, d\u0142ugo\u015b\u0107 MIDI. Na manekinie wersja MIDI w pudrowym szarym. Na zdj\u0119ciu Natalia prezentuje rozmiar S, eukaliptus, SHORT.<\/p>\n<p><em>Je\u015bli masz problem z doborem rozmiaru, czy koloru lnu &#8211; napisz do nas na kontakt@talja.pl \u2013 ch\u0119tnie pomo\u017cemy!<\/em><\/p>\n<p class=\"responsive-video-wrap clr\"><iframe title=\"Estera - lniana sukienka - 30 kolor\u00f3w ln\u00f3w | 3 d\u0142ugo\u015bci | polska produkcja\" width=\"563\" height=\"1000\" src=\"https:\/\/www.youtube.com\/embed\/ETUt_JxD_dw?feature=oembed\" frameborder=\"0\" allow=\"accelerometer; autoplay; clipboard-write; encrypted-media; gyroscope; picture-in-picture; web-share\" referrerpolicy=\"strict-origin-when-cross-origin\" allowfullscreen><\/iframe><\/p>\n<h4><strong>Piel\u0119gnacja\u00a0<\/strong><\/h4>\n<p>Ubrania z lnu traktuj delikatnie. Nie wybielaj, pierz w 30 stopniach, odwirowuj w pralce na ni\u017cszych obrotach i prasuj max w 150st. Dbaj o nie a b\u0119d\u0105 Ci wdzi\u0119czne.<\/p>\n<p><em><img decoding=\"async\" class=\"alignnone wp-image-11077 size-medium\" src=\"https:\/\/talja.pl\/wp-content\/uploads\/2024\/07\/Plik_001-169x300.jpeg\" alt=\"\" width=\"169\" height=\"300\" \/><\/em><\/p>\n<h4><strong>Personalizacja<\/strong><\/h4>\n<p>Je\u015bli marzysz o wprowadzeniu pewnych zmian do sukienki, wystarczy \u017ce wykupisz dodatkow\u0105 opcj\u0119<a href=\"https:\/\/talja.pl\/index.php\/produkt\/personalizacja\/\">\u00a0<strong>\u201d PERSONALIZACJA \u201e<\/strong><\/a>. Dzi\u0119ki tej opcji Twoja sukienka zyska niepowtarzalno\u015b\u0107 i indywidualny charakter. Mo\u017cesz bowiem zmieni\u0107 d\u0142ugo\u015b\u0107 sukienki czy r\u0119kawka, wysoko\u015b\u0107 stanu, doda\u0107 kieszenie w szwach bocznych itp. Je\u015bli masz jeszcze inny pomys\u0142 na zmodyfikowanie sukienki, a nie znajdujesz go w opcji \u201d Personalizacja\u201d skontaktuj si\u0119 z nami\u00a0 mailowo : kontakt@talja.pl . Razem z pewno\u015bci\u0105 wyczarujemy sukienk\u0119 Twoich marze\u0144!<\/p>\n<p>&nbsp;<\/p>\n","protected":false},"excerpt":{"rendered":"<div class=\"woocommerce-product-details__short-description\">\n<h4><strong>Sk\u0142ad : Len 100% , polskiej produkcji<\/strong><\/h4>\n<p><strong>Lniana sukienka Estera dost\u0119pna jest\u00a0 w r\u00f3\u017cnych wersjach kolorystycznych oraz trzech d\u0142ugo\u015bciach do wyboru ( SHORT, REGULAR oraz MIDI) . <\/strong>Wybierz wariant, o kt\u00f3rym marzysz \ud83d\ude42<\/p>\n<p>Wersj\u0119 z d\u0142u\u017cszym r\u0119kawkiem tej sukienki znajdziesz<span style=\"color: #ff99cc;\"> <a style=\"color: #ff99cc;\" href=\"https:\/\/talja.pl\/index.php\/produkt\/lniana-sukienka-estera-kolory\/\">tutaj .\u00a0<\/a><\/span><\/p>\n<p><em>Wysy\u0142ka w : 5-14 dni roboczych . Pami\u0119taj : wszystkie nasze sukienki szyte s\u0105 przez nas dopiero po z\u0142o\u017ceniu zam\u00f3wienia. Pozw\u00f3l nam na precyzyjn\u0105 realizacj\u0119 Twojego zam\u00f3wienia<\/em>.<\/p>\n<\/div>\n","protected":false},"featured_media":15922,"comment_status":"open","ping_status":"closed","template":"","meta":[],"product_brand":[],"product_cat":[45,20],"product_tag":[25,26,27],"class_list":{"0":"post-10970","1":"product","2":"type-product","3":"status-publish","4":"has-post-thumbnail","6":"product_cat-produkty-na-zamowienie","7":"product_cat-sukienki-lniane","8":"product_tag-len","9":"product_tag-sukienka","10":"product_tag-sukienka-lniana","11":"pa_kolor-kratka-vichy-len-100","12":"pa_kolor-len-30-wiskoza-70","13":"pa_kolor-koktajl-truskawkowy-150g-m2","14":"pa_kolor-malina","15":"pa_kolor-liliowy-170g-m2","16":"pa_kolor-pochmurne-niebo-170g-m2","17":"pa_kolor-zielen-trawiasta-170g-m2","18":"pa_kolor-czerwone-wino-150g-m2","19":"pa_kolor-sliwka-170g-m2","20":"pa_kolor-mleczna-czekolada-170g-m2","21":"pa_kolor-letnie-niebo-150g-m2","22":"pa_kolor-biel-170g-m2","23":"pa_kolor-naturalny-150g-m2","24":"pa_kolor-fuksja","25":"pa_kolor-morelowy","26":"pa_kolor-chabrowy-150g-m2","27":"pa_kolor-karmel-170-g-m2","28":"pa_kolor-baby-blue-150g-m2","29":"pa_kolor-pudrowy-roz-150g-m2","30":"pa_kolor-arbuz-150g-m2","31":"pa_kolor-pudrowy-szary-170g-m2","32":"pa_kolor-cegla-150g-m2","33":"pa_kolor-ciemna-zielen-150g-m2","34":"pa_kolor-ciemny-niebieski-170g-m2","35":"pa_kolor-cynamon-150g-m2","36":"pa_kolor-czern-150g-m2","37":"pa_kolor-eukaliptus-150g-m2","38":"pa_kolor-khaki-150g-m2","39":"pa_kolor-melon-150g-m2","40":"pa_kolor-wrszos-150g-m2","41":"pa_kolor-stalowo-szary-170g-m2","42":"pa_kolor-wisnia-150g-m2","44":"entry","45":"has-media","47":"first","48":"instock","49":"taxable","50":"shipping-taxable","51":"purchasable","52":"product-type-variable","53":"wvs-archive-product-wrapper","54":"has-product-nav","55":"col","56":"span_1_of_4","57":"owp-content-center","58":"owp-thumbs-layout-horizontal","59":"owp-btn-big","60":"owp-tabs-layout-horizontal"},"yoast_head":"<!-- This site is optimized with the Yoast SEO plugin v27.0 - https:\/\/yoast.com\/product\/yoast-seo-wordpress\/ -->\n<title>Lniana sukienka ESTERA kr\u00f3tki r\u0119kaw - www.talja.pl<\/title>\n<meta name=\"description\" content=\"Niezwykle eteryczna lniana sukienka z lnu szyta w naszej szczeci\u0144skiej, kameralnej pracowni. Zapro\u015b do siebie kawa\u0142ek naszego rzemie\u015blniczego \u015bwiata!\" \/>\n<meta name=\"robots\" content=\"index, follow, max-snippet:-1, max-image-preview:large, max-video-preview:-1\" \/>\n<link rel=\"canonical\" href=\"https:\/\/talja.pl\/index.php\/produkt\/lniana-sukienka-estera-kolory-kr-rekaw\/\" \/>\n<meta property=\"og:locale\" content=\"pl_PL\" \/>\n<meta property=\"og:type\" content=\"article\" \/>\n<meta property=\"og:title\" content=\"Lniana sukienka ESTERA kr\u00f3tki r\u0119kaw - www.talja.pl\" \/>\n<meta property=\"og:description\" content=\"Niezwykle eteryczna lniana sukienka z lnu szyta w naszej szczeci\u0144skiej, kameralnej pracowni. Zapro\u015b do siebie kawa\u0142ek naszego rzemie\u015blniczego \u015bwiata!\" \/>\n<meta property=\"og:url\" content=\"https:\/\/talja.pl\/index.php\/produkt\/lniana-sukienka-estera-kolory-kr-rekaw\/\" \/>\n<meta property=\"og:site_name\" content=\"www.talja.pl\" \/>\n<meta property=\"article:publisher\" content=\"https:\/\/www.facebook.com\/Talja-418285408906660\/\" \/>\n<meta property=\"article:modified_time\" content=\"2026-04-21T12:35:23+00:00\" \/>\n<meta property=\"og:image\" content=\"https:\/\/talja.pl\/wp-content\/uploads\/2025\/07\/Estera_kr_wrzos.webp\" \/>\n\t<meta property=\"og:image:width\" content=\"690\" \/>\n\t<meta property=\"og:image:height\" content=\"1024\" \/>\n\t<meta property=\"og:image:type\" content=\"image\/webp\" \/>\n<meta name=\"twitter:card\" content=\"summary_large_image\" \/>\n<meta name=\"twitter:site\" content=\"@talja_pracownia\" \/>\n<meta name=\"twitter:label1\" content=\"Szacowany czas czytania\" \/>\n\t<meta name=\"twitter:data1\" content=\"4 minuty\" \/>\n<script type=\"application\/ld+json\" class=\"yoast-schema-graph\">{\"@context\":\"https:\/\/schema.org\",\"@graph\":[{\"@type\":\"WebPage\",\"@id\":\"https:\/\/talja.pl\/index.php\/produkt\/lniana-sukienka-estera-kolory-kr-rekaw\/\",\"url\":\"https:\/\/talja.pl\/index.php\/produkt\/lniana-sukienka-estera-kolory-kr-rekaw\/\",\"name\":\"Lniana sukienka ESTERA kr\u00f3tki r\u0119kaw - www.talja.pl\",\"isPartOf\":{\"@id\":\"https:\/\/talja.pl\/#website\"},\"primaryImageOfPage\":{\"@id\":\"https:\/\/talja.pl\/index.php\/produkt\/lniana-sukienka-estera-kolory-kr-rekaw\/#primaryimage\"},\"image\":{\"@id\":\"https:\/\/talja.pl\/index.php\/produkt\/lniana-sukienka-estera-kolory-kr-rekaw\/#primaryimage\"},\"thumbnailUrl\":\"https:\/\/talja.pl\/wp-content\/uploads\/2025\/07\/Estera_kr_wrzos.webp\",\"datePublished\":\"2025-07-11T12:11:04+00:00\",\"dateModified\":\"2026-04-21T12:35:23+00:00\",\"description\":\"Niezwykle eteryczna lniana sukienka z lnu szyta w naszej szczeci\u0144skiej, kameralnej pracowni. Zapro\u015b do siebie kawa\u0142ek naszego rzemie\u015blniczego \u015bwiata!\",\"breadcrumb\":{\"@id\":\"https:\/\/talja.pl\/index.php\/produkt\/lniana-sukienka-estera-kolory-kr-rekaw\/#breadcrumb\"},\"inLanguage\":\"pl-PL\",\"potentialAction\":[{\"@type\":\"ReadAction\",\"target\":[\"https:\/\/talja.pl\/index.php\/produkt\/lniana-sukienka-estera-kolory-kr-rekaw\/\"]}]},{\"@type\":\"ImageObject\",\"inLanguage\":\"pl-PL\",\"@id\":\"https:\/\/talja.pl\/index.php\/produkt\/lniana-sukienka-estera-kolory-kr-rekaw\/#primaryimage\",\"url\":\"https:\/\/talja.pl\/wp-content\/uploads\/2025\/07\/Estera_kr_wrzos.webp\",\"contentUrl\":\"https:\/\/talja.pl\/wp-content\/uploads\/2025\/07\/Estera_kr_wrzos.webp\",\"width\":1336,\"height\":1984,\"caption\":\"lniana sukienka Estera talia polska pracownia lnianych sukienek z lekk\u0105 nut\u0105 retro\"},{\"@type\":\"BreadcrumbList\",\"@id\":\"https:\/\/talja.pl\/index.php\/produkt\/lniana-sukienka-estera-kolory-kr-rekaw\/#breadcrumb\",\"itemListElement\":[{\"@type\":\"ListItem\",\"position\":1,\"name\":\"Strona g\u0142\u00f3wna\",\"item\":\"https:\/\/talja.pl\/\"},{\"@type\":\"ListItem\",\"position\":2,\"name\":\"talja.pl\",\"item\":\"https:\/\/talja.pl\/index.php\/sklep\/\"},{\"@type\":\"ListItem\",\"position\":3,\"name\":\"Lniana sukienka ESTERA kr\u00f3tki r\u0119kaw\"}]},{\"@type\":\"WebSite\",\"@id\":\"https:\/\/talja.pl\/#website\",\"url\":\"https:\/\/talja.pl\/\",\"name\":\"www.talja.pl\",\"description\":\"\",\"publisher\":{\"@id\":\"https:\/\/talja.pl\/#organization\"},\"potentialAction\":[{\"@type\":\"SearchAction\",\"target\":{\"@type\":\"EntryPoint\",\"urlTemplate\":\"https:\/\/talja.pl\/?s={search_term_string}\"},\"query-input\":{\"@type\":\"PropertyValueSpecification\",\"valueRequired\":true,\"valueName\":\"search_term_string\"}}],\"inLanguage\":\"pl-PL\"},{\"@type\":\"Organization\",\"@id\":\"https:\/\/talja.pl\/#organization\",\"name\":\"Talja\",\"url\":\"https:\/\/talja.pl\/\",\"logo\":{\"@type\":\"ImageObject\",\"inLanguage\":\"pl-PL\",\"@id\":\"https:\/\/talja.pl\/#\/schema\/logo\/image\/\",\"url\":\"https:\/\/talja.pl\/wp-content\/uploads\/2019\/06\/baner-talja-2.jpg\",\"contentUrl\":\"https:\/\/talja.pl\/wp-content\/uploads\/2019\/06\/baner-talja-2.jpg\",\"width\":1300,\"height\":300,\"caption\":\"Talja\"},\"image\":{\"@id\":\"https:\/\/talja.pl\/#\/schema\/logo\/image\/\"},\"sameAs\":[\"https:\/\/www.facebook.com\/Talja-418285408906660\/\",\"https:\/\/x.com\/talja_pracownia\",\"https:\/\/www.instagram.com\/talja_pracownia\/\"]}]}<\/script>\n<!-- \/ Yoast SEO plugin. -->","yoast_head_json":{"title":"Lniana sukienka ESTERA kr\u00f3tki r\u0119kaw - www.talja.pl","description":"Niezwykle eteryczna lniana sukienka z lnu szyta w naszej szczeci\u0144skiej, kameralnej pracowni. Zapro\u015b do siebie kawa\u0142ek naszego rzemie\u015blniczego \u015bwiata!","robots":{"index":"index","follow":"follow","max-snippet":"max-snippet:-1","max-image-preview":"max-image-preview:large","max-video-preview":"max-video-preview:-1"},"canonical":"https:\/\/talja.pl\/index.php\/produkt\/lniana-sukienka-estera-kolory-kr-rekaw\/","og_locale":"pl_PL","og_type":"article","og_title":"Lniana sukienka ESTERA kr\u00f3tki r\u0119kaw - www.talja.pl","og_description":"Niezwykle eteryczna lniana sukienka z lnu szyta w naszej szczeci\u0144skiej, kameralnej pracowni. Zapro\u015b do siebie kawa\u0142ek naszego rzemie\u015blniczego \u015bwiata!","og_url":"https:\/\/talja.pl\/index.php\/produkt\/lniana-sukienka-estera-kolory-kr-rekaw\/","og_site_name":"www.talja.pl","article_publisher":"https:\/\/www.facebook.com\/Talja-418285408906660\/","article_modified_time":"2026-04-21T12:35:23+00:00","og_image":[{"url":"https:\/\/talja.pl\/wp-content\/uploads\/2025\/07\/Estera_kr_wrzos.webp","width":690,"height":1024,"type":"image\/webp"}],"twitter_card":"summary_large_image","twitter_site":"@talja_pracownia","twitter_misc":{"Szacowany czas czytania":"4 minuty"},"schema":{"@context":"https:\/\/schema.org","@graph":[{"@type":"WebPage","@id":"https:\/\/talja.pl\/index.php\/produkt\/lniana-sukienka-estera-kolory-kr-rekaw\/","url":"https:\/\/talja.pl\/index.php\/produkt\/lniana-sukienka-estera-kolory-kr-rekaw\/","name":"Lniana sukienka ESTERA kr\u00f3tki r\u0119kaw - www.talja.pl","isPartOf":{"@id":"https:\/\/talja.pl\/#website"},"primaryImageOfPage":{"@id":"https:\/\/talja.pl\/index.php\/produkt\/lniana-sukienka-estera-kolory-kr-rekaw\/#primaryimage"},"image":{"@id":"https:\/\/talja.pl\/index.php\/produkt\/lniana-sukienka-estera-kolory-kr-rekaw\/#primaryimage"},"thumbnailUrl":"https:\/\/talja.pl\/wp-content\/uploads\/2025\/07\/Estera_kr_wrzos.webp","datePublished":"2025-07-11T12:11:04+00:00","dateModified":"2026-04-21T12:35:23+00:00","description":"Niezwykle eteryczna lniana sukienka z lnu szyta w naszej szczeci\u0144skiej, kameralnej pracowni. Zapro\u015b do siebie kawa\u0142ek naszego rzemie\u015blniczego \u015bwiata!","breadcrumb":{"@id":"https:\/\/talja.pl\/index.php\/produkt\/lniana-sukienka-estera-kolory-kr-rekaw\/#breadcrumb"},"inLanguage":"pl-PL","potentialAction":[{"@type":"ReadAction","target":["https:\/\/talja.pl\/index.php\/produkt\/lniana-sukienka-estera-kolory-kr-rekaw\/"]}]},{"@type":"ImageObject","inLanguage":"pl-PL","@id":"https:\/\/talja.pl\/index.php\/produkt\/lniana-sukienka-estera-kolory-kr-rekaw\/#primaryimage","url":"https:\/\/talja.pl\/wp-content\/uploads\/2025\/07\/Estera_kr_wrzos.webp","contentUrl":"https:\/\/talja.pl\/wp-content\/uploads\/2025\/07\/Estera_kr_wrzos.webp","width":1336,"height":1984,"caption":"lniana sukienka Estera talia polska pracownia lnianych sukienek z lekk\u0105 nut\u0105 retro"},{"@type":"BreadcrumbList","@id":"https:\/\/talja.pl\/index.php\/produkt\/lniana-sukienka-estera-kolory-kr-rekaw\/#breadcrumb","itemListElement":[{"@type":"ListItem","position":1,"name":"Strona g\u0142\u00f3wna","item":"https:\/\/talja.pl\/"},{"@type":"ListItem","position":2,"name":"talja.pl","item":"https:\/\/talja.pl\/index.php\/sklep\/"},{"@type":"ListItem","position":3,"name":"Lniana sukienka ESTERA kr\u00f3tki r\u0119kaw"}]},{"@type":"WebSite","@id":"https:\/\/talja.pl\/#website","url":"https:\/\/talja.pl\/","name":"www.talja.pl","description":"","publisher":{"@id":"https:\/\/talja.pl\/#organization"},"potentialAction":[{"@type":"SearchAction","target":{"@type":"EntryPoint","urlTemplate":"https:\/\/talja.pl\/?s={search_term_string}"},"query-input":{"@type":"PropertyValueSpecification","valueRequired":true,"valueName":"search_term_string"}}],"inLanguage":"pl-PL"},{"@type":"Organization","@id":"https:\/\/talja.pl\/#organization","name":"Talja","url":"https:\/\/talja.pl\/","logo":{"@type":"ImageObject","inLanguage":"pl-PL","@id":"https:\/\/talja.pl\/#\/schema\/logo\/image\/","url":"https:\/\/talja.pl\/wp-content\/uploads\/2019\/06\/baner-talja-2.jpg","contentUrl":"https:\/\/talja.pl\/wp-content\/uploads\/2019\/06\/baner-talja-2.jpg","width":1300,"height":300,"caption":"Talja"},"image":{"@id":"https:\/\/talja.pl\/#\/schema\/logo\/image\/"},"sameAs":["https:\/\/www.facebook.com\/Talja-418285408906660\/","https:\/\/x.com\/talja_pracownia","https:\/\/www.instagram.com\/talja_pracownia\/"]}]}},"_links":{"self":[{"href":"https:\/\/talja.pl\/index.php\/wp-json\/wp\/v2\/product\/10970","targetHints":{"allow":["GET"]}}],"collection":[{"href":"https:\/\/talja.pl\/index.php\/wp-json\/wp\/v2\/product"}],"about":[{"href":"https:\/\/talja.pl\/index.php\/wp-json\/wp\/v2\/types\/product"}],"replies":[{"embeddable":true,"href":"https:\/\/talja.pl\/index.php\/wp-json\/wp\/v2\/comments?post=10970"}],"version-history":[{"count":9,"href":"https:\/\/talja.pl\/index.php\/wp-json\/wp\/v2\/product\/10970\/revisions"}],"predecessor-version":[{"id":15923,"href":"https:\/\/talja.pl\/index.php\/wp-json\/wp\/v2\/product\/10970\/revisions\/15923"}],"wp:featuredmedia":[{"embeddable":true,"href":"https:\/\/talja.pl\/index.php\/wp-json\/wp\/v2\/media\/15922"}],"wp:attachment":[{"href":"https:\/\/talja.pl\/index.php\/wp-json\/wp\/v2\/media?parent=10970"}],"wp:term":[{"taxonomy":"product_brand","embeddable":true,"href":"https:\/\/talja.pl\/index.php\/wp-json\/wp\/v2\/product_brand?post=10970"},{"taxonomy":"product_cat","embeddable":true,"href":"https:\/\/talja.pl\/index.php\/wp-json\/wp\/v2\/product_cat?post=10970"},{"taxonomy":"product_tag","embeddable":true,"href":"https:\/\/talja.pl\/index.php\/wp-json\/wp\/v2\/product_tag?post=10970"}],"curies":[{"name":"wp","href":"https:\/\/api.w.org\/{rel}","templated":true}]}}