{"id":12618,"date":"2024-06-05T08:52:03","date_gmt":"2024-06-05T06:52:03","guid":{"rendered":"https:\/\/talja.pl\/?post_type=product&#038;p=12618"},"modified":"2026-01-26T13:24:04","modified_gmt":"2026-01-26T12:24:04","slug":"kosmetyczka-lniana-kolory","status":"publish","type":"product","link":"https:\/\/talja.pl\/index.php\/produkt\/kosmetyczka-lniana-kolory\/","title":{"rendered":"Kosmetyczka lniana"},"content":{"rendered":"<p>Lniane kosmetyczki szyte z dw\u00f3ch warstw tkaniny lnianej z wygodnym suwakiem. \u00a0Posiadaj\u0105 lnian\u0105 podszewk\u0119. Ma\u0142a kosmetyczka ma takie wymiary, \u017ce mo\u017ce r\u00f3wnie\u017c pe\u0142ni\u0107 funkcj\u0119 pi\u00f3rnika lub etui na okulary. Du\u017ca z powodzeniem pomie\u015bci zestaw kosmetyk\u00f3w na wyjazd .<\/p>\n<p>WYMIARY :<\/p>\n<ul>\n<li>ma\u0142a 22x12cm<\/li>\n<li>du\u017ca 20x28cm<\/li>\n<\/ul>\n<p><strong>W zestawie taniej \ud83d\ude42\u00a0<\/strong><\/p>\n<h4><strong>Sk\u0142ad\u00a0<\/strong><\/h4>\n<p>len 100%, cudownie zmi\u0119kczany ; produkcji polskiej. Do wyboru w wielu kolorach !<\/p>\n<h4><strong><img decoding=\"async\" class=\"wp-image-5333 size-medium alignleft\" src=\"https:\/\/talja.pl\/wp-content\/uploads\/2022\/04\/Certyfikat-Oeko-Tex-standard-100-e1698257301591-300x119.png\" alt=\"\" width=\"300\" height=\"119\" \/><\/strong><\/h4>\n<p>&nbsp;<\/p>\n<p>&nbsp;<\/p>\n<p>&nbsp;<\/p>\n<p>&nbsp;<\/p>\n<p>Je\u015bli chcesz dowiedzie\u0107 si\u0119 wi\u0119cej o kolorach, z jakich szyjemy w pracowni &#8211; zerknij<a href=\"https:\/\/talja.pl\/index.php\/kolory-lnow\/\"> tutaj<\/a> .<\/p>\n","protected":false},"excerpt":{"rendered":"<h4><strong>\u00a0\u00a0Sk\u0142ad : len 100%, polskiej produkcji<\/strong>.<\/h4>\n<p><strong>Lniane kosmetyczki szyte z w szczeci\u0144skiej pracowni. Dost\u0119pna w dw\u00f3ch rozmiarach i we wszystkich kolorach ln\u00f3w dost\u0119pnych w pracowni.<\/strong><\/p>\n<p>W TALJI nic si\u0119 nie zmarnuje. Zgodnie z ideologi\u0105 <em>less waste<\/em> \u2013 kosmetyczki szyjemy ze skrawk\u00f3w tkanin pozosta\u0142ych po uszyciu lnianych kreacji w naszej pracowni.<\/p>\n<p><em>\u00a0Wysy\u0142ka w : 2-10 dni roboczych . Cz\u0119\u015b\u0107 kosmetyczek mamy ju\u017c uszyt\u0105 i <\/em><i>wysy\u0142amy od r\u0119ki, na pozosta\u0142e nale\u017cy chwil\u0119 poczeka\u0107 na uszycie.<\/i><\/p>\n","protected":false},"featured_media":12635,"comment_status":"open","ping_status":"closed","template":"","meta":[],"product_brand":[],"product_cat":[16,45],"product_tag":[44,133,25],"class_list":{"0":"post-12618","1":"product","2":"type-product","3":"status-publish","4":"has-post-thumbnail","6":"product_cat-accessories","7":"product_cat-produkty-na-zamowienie","8":"product_tag-akcesoria","9":"product_tag-kosmetyczka","10":"product_tag-len","11":"pa_kolor-koktajl-truskawkowy-150g-m2","12":"pa_kolor-malina","13":"pa_kolor-liliowy-170g-m2","14":"pa_kolor-pochmurne-niebo-170g-m2","15":"pa_kolor-zielen-trawiasta-170g-m2","16":"pa_kolor-czerwone-wino-150g-m2","17":"pa_kolor-sliwka-170g-m2","18":"pa_kolor-mleczna-czekolada-170g-m2","19":"pa_kolor-letnie-niebo-150g-m2","20":"pa_kolor-biel-170g-m2","21":"pa_kolor-naturalny-150g-m2","22":"pa_kolor-fuksja","23":"pa_kolor-morelowy","24":"pa_kolor-chabrowy-150g-m2","25":"pa_kolor-karmel-170-g-m2","26":"pa_kolor-baby-blue-150g-m2","27":"pa_kolor-pudrowy-roz-150g-m2","28":"pa_kolor-arbuz-150g-m2","29":"pa_kolor-pudrowy-szary-170g-m2","30":"pa_kolor-cegla-150g-m2","31":"pa_kolor-ciemna-zielen-150g-m2","32":"pa_kolor-ciemny-niebieski-170g-m2","33":"pa_kolor-cynamon-150g-m2","34":"pa_kolor-czern-150g-m2","35":"pa_kolor-eukaliptus-150g-m2","36":"pa_kolor-khaki-150g-m2","37":"pa_kolor-melon-150g-m2","38":"pa_kolor-wrszos-150g-m2","39":"pa_kolor-stalowo-szary-170g-m2","40":"pa_kolor-wisnia-150g-m2","42":"entry","43":"has-media","45":"first","46":"instock","47":"taxable","48":"shipping-taxable","49":"purchasable","50":"product-type-variable","51":"wvs-archive-product-wrapper","52":"has-product-nav","53":"col","54":"span_1_of_4","55":"owp-content-center","56":"owp-thumbs-layout-horizontal","57":"owp-btn-big","58":"owp-tabs-layout-horizontal"},"yoast_head":"<!-- This site is optimized with the Yoast SEO plugin v27.0 - https:\/\/yoast.com\/product\/yoast-seo-wordpress\/ -->\n<title>Kosmetyczka lniana - www.talja.pl<\/title>\n<meta name=\"description\" content=\"Lniana Lniana kosmetyczka szyta z w szczeci\u0144skiej pracowni. Dost\u0119pna w dw\u00f3ch rozmiarach i we wszystkich kolorach ln\u00f3w dost\u0119pnych w pracowni.\" \/>\n<meta name=\"robots\" content=\"index, follow, max-snippet:-1, max-image-preview:large, max-video-preview:-1\" \/>\n<link rel=\"canonical\" href=\"https:\/\/talja.pl\/index.php\/produkt\/kosmetyczka-lniana-kolory\/\" \/>\n<meta property=\"og:locale\" content=\"pl_PL\" \/>\n<meta property=\"og:type\" content=\"article\" \/>\n<meta property=\"og:title\" content=\"Kosmetyczka lniana - www.talja.pl\" \/>\n<meta property=\"og:description\" content=\"Lniana Lniana kosmetyczka szyta z w szczeci\u0144skiej pracowni. Dost\u0119pna w dw\u00f3ch rozmiarach i we wszystkich kolorach ln\u00f3w dost\u0119pnych w pracowni.\" \/>\n<meta property=\"og:url\" content=\"https:\/\/talja.pl\/index.php\/produkt\/kosmetyczka-lniana-kolory\/\" \/>\n<meta property=\"og:site_name\" content=\"www.talja.pl\" \/>\n<meta property=\"article:publisher\" content=\"https:\/\/www.facebook.com\/Talja-418285408906660\/\" \/>\n<meta property=\"article:modified_time\" content=\"2026-01-26T12:24:04+00:00\" \/>\n<meta property=\"og:image\" content=\"https:\/\/talja.pl\/wp-content\/uploads\/2025\/03\/kosmetyczka_lnianaobrazek-JPEG-23AEDCF10D06-1-1-scaled-e1741351544812.webp\" \/>\n\t<meta property=\"og:image:width\" content=\"1254\" \/>\n\t<meta property=\"og:image:height\" content=\"1860\" \/>\n\t<meta property=\"og:image:type\" content=\"image\/webp\" \/>\n<meta name=\"twitter:card\" content=\"summary_large_image\" \/>\n<meta name=\"twitter:site\" content=\"@talja_pracownia\" \/>\n<meta name=\"twitter:label1\" content=\"Szacowany czas czytania\" \/>\n\t<meta name=\"twitter:data1\" content=\"1 minuta\" \/>\n<script type=\"application\/ld+json\" class=\"yoast-schema-graph\">{\"@context\":\"https:\/\/schema.org\",\"@graph\":[{\"@type\":\"WebPage\",\"@id\":\"https:\/\/talja.pl\/index.php\/produkt\/kosmetyczka-lniana-kolory\/\",\"url\":\"https:\/\/talja.pl\/index.php\/produkt\/kosmetyczka-lniana-kolory\/\",\"name\":\"Kosmetyczka lniana - www.talja.pl\",\"isPartOf\":{\"@id\":\"https:\/\/talja.pl\/#website\"},\"primaryImageOfPage\":{\"@id\":\"https:\/\/talja.pl\/index.php\/produkt\/kosmetyczka-lniana-kolory\/#primaryimage\"},\"image\":{\"@id\":\"https:\/\/talja.pl\/index.php\/produkt\/kosmetyczka-lniana-kolory\/#primaryimage\"},\"thumbnailUrl\":\"https:\/\/talja.pl\/wp-content\/uploads\/2025\/03\/kosmetyczka_lnianaobrazek-JPEG-23AEDCF10D06-1-1-scaled-e1741351544812.webp\",\"datePublished\":\"2024-06-05T06:52:03+00:00\",\"dateModified\":\"2026-01-26T12:24:04+00:00\",\"description\":\"Lniana Lniana kosmetyczka szyta z w szczeci\u0144skiej pracowni. Dost\u0119pna w dw\u00f3ch rozmiarach i we wszystkich kolorach ln\u00f3w dost\u0119pnych w pracowni.\",\"breadcrumb\":{\"@id\":\"https:\/\/talja.pl\/index.php\/produkt\/kosmetyczka-lniana-kolory\/#breadcrumb\"},\"inLanguage\":\"pl-PL\",\"potentialAction\":[{\"@type\":\"ReadAction\",\"target\":[\"https:\/\/talja.pl\/index.php\/produkt\/kosmetyczka-lniana-kolory\/\"]}]},{\"@type\":\"ImageObject\",\"inLanguage\":\"pl-PL\",\"@id\":\"https:\/\/talja.pl\/index.php\/produkt\/kosmetyczka-lniana-kolory\/#primaryimage\",\"url\":\"https:\/\/talja.pl\/wp-content\/uploads\/2025\/03\/kosmetyczka_lnianaobrazek-JPEG-23AEDCF10D06-1-1-scaled-e1741351544812.webp\",\"contentUrl\":\"https:\/\/talja.pl\/wp-content\/uploads\/2025\/03\/kosmetyczka_lnianaobrazek-JPEG-23AEDCF10D06-1-1-scaled-e1741351544812.webp\",\"width\":1254,\"height\":1860},{\"@type\":\"BreadcrumbList\",\"@id\":\"https:\/\/talja.pl\/index.php\/produkt\/kosmetyczka-lniana-kolory\/#breadcrumb\",\"itemListElement\":[{\"@type\":\"ListItem\",\"position\":1,\"name\":\"Strona g\u0142\u00f3wna\",\"item\":\"https:\/\/talja.pl\/\"},{\"@type\":\"ListItem\",\"position\":2,\"name\":\"talja.pl\",\"item\":\"https:\/\/talja.pl\/index.php\/sklep\/\"},{\"@type\":\"ListItem\",\"position\":3,\"name\":\"Kosmetyczka lniana\"}]},{\"@type\":\"WebSite\",\"@id\":\"https:\/\/talja.pl\/#website\",\"url\":\"https:\/\/talja.pl\/\",\"name\":\"www.talja.pl\",\"description\":\"\",\"publisher\":{\"@id\":\"https:\/\/talja.pl\/#organization\"},\"potentialAction\":[{\"@type\":\"SearchAction\",\"target\":{\"@type\":\"EntryPoint\",\"urlTemplate\":\"https:\/\/talja.pl\/?s={search_term_string}\"},\"query-input\":{\"@type\":\"PropertyValueSpecification\",\"valueRequired\":true,\"valueName\":\"search_term_string\"}}],\"inLanguage\":\"pl-PL\"},{\"@type\":\"Organization\",\"@id\":\"https:\/\/talja.pl\/#organization\",\"name\":\"Talja\",\"url\":\"https:\/\/talja.pl\/\",\"logo\":{\"@type\":\"ImageObject\",\"inLanguage\":\"pl-PL\",\"@id\":\"https:\/\/talja.pl\/#\/schema\/logo\/image\/\",\"url\":\"https:\/\/talja.pl\/wp-content\/uploads\/2019\/06\/baner-talja-2.jpg\",\"contentUrl\":\"https:\/\/talja.pl\/wp-content\/uploads\/2019\/06\/baner-talja-2.jpg\",\"width\":1300,\"height\":300,\"caption\":\"Talja\"},\"image\":{\"@id\":\"https:\/\/talja.pl\/#\/schema\/logo\/image\/\"},\"sameAs\":[\"https:\/\/www.facebook.com\/Talja-418285408906660\/\",\"https:\/\/x.com\/talja_pracownia\",\"https:\/\/www.instagram.com\/talja_pracownia\/\"]}]}<\/script>\n<!-- \/ Yoast SEO plugin. -->","yoast_head_json":{"title":"Kosmetyczka lniana - www.talja.pl","description":"Lniana Lniana kosmetyczka szyta z w szczeci\u0144skiej pracowni. Dost\u0119pna w dw\u00f3ch rozmiarach i we wszystkich kolorach ln\u00f3w dost\u0119pnych w pracowni.","robots":{"index":"index","follow":"follow","max-snippet":"max-snippet:-1","max-image-preview":"max-image-preview:large","max-video-preview":"max-video-preview:-1"},"canonical":"https:\/\/talja.pl\/index.php\/produkt\/kosmetyczka-lniana-kolory\/","og_locale":"pl_PL","og_type":"article","og_title":"Kosmetyczka lniana - www.talja.pl","og_description":"Lniana Lniana kosmetyczka szyta z w szczeci\u0144skiej pracowni. Dost\u0119pna w dw\u00f3ch rozmiarach i we wszystkich kolorach ln\u00f3w dost\u0119pnych w pracowni.","og_url":"https:\/\/talja.pl\/index.php\/produkt\/kosmetyczka-lniana-kolory\/","og_site_name":"www.talja.pl","article_publisher":"https:\/\/www.facebook.com\/Talja-418285408906660\/","article_modified_time":"2026-01-26T12:24:04+00:00","og_image":[{"width":1254,"height":1860,"url":"https:\/\/talja.pl\/wp-content\/uploads\/2025\/03\/kosmetyczka_lnianaobrazek-JPEG-23AEDCF10D06-1-1-scaled-e1741351544812.webp","type":"image\/webp"}],"twitter_card":"summary_large_image","twitter_site":"@talja_pracownia","twitter_misc":{"Szacowany czas czytania":"1 minuta"},"schema":{"@context":"https:\/\/schema.org","@graph":[{"@type":"WebPage","@id":"https:\/\/talja.pl\/index.php\/produkt\/kosmetyczka-lniana-kolory\/","url":"https:\/\/talja.pl\/index.php\/produkt\/kosmetyczka-lniana-kolory\/","name":"Kosmetyczka lniana - www.talja.pl","isPartOf":{"@id":"https:\/\/talja.pl\/#website"},"primaryImageOfPage":{"@id":"https:\/\/talja.pl\/index.php\/produkt\/kosmetyczka-lniana-kolory\/#primaryimage"},"image":{"@id":"https:\/\/talja.pl\/index.php\/produkt\/kosmetyczka-lniana-kolory\/#primaryimage"},"thumbnailUrl":"https:\/\/talja.pl\/wp-content\/uploads\/2025\/03\/kosmetyczka_lnianaobrazek-JPEG-23AEDCF10D06-1-1-scaled-e1741351544812.webp","datePublished":"2024-06-05T06:52:03+00:00","dateModified":"2026-01-26T12:24:04+00:00","description":"Lniana Lniana kosmetyczka szyta z w szczeci\u0144skiej pracowni. Dost\u0119pna w dw\u00f3ch rozmiarach i we wszystkich kolorach ln\u00f3w dost\u0119pnych w pracowni.","breadcrumb":{"@id":"https:\/\/talja.pl\/index.php\/produkt\/kosmetyczka-lniana-kolory\/#breadcrumb"},"inLanguage":"pl-PL","potentialAction":[{"@type":"ReadAction","target":["https:\/\/talja.pl\/index.php\/produkt\/kosmetyczka-lniana-kolory\/"]}]},{"@type":"ImageObject","inLanguage":"pl-PL","@id":"https:\/\/talja.pl\/index.php\/produkt\/kosmetyczka-lniana-kolory\/#primaryimage","url":"https:\/\/talja.pl\/wp-content\/uploads\/2025\/03\/kosmetyczka_lnianaobrazek-JPEG-23AEDCF10D06-1-1-scaled-e1741351544812.webp","contentUrl":"https:\/\/talja.pl\/wp-content\/uploads\/2025\/03\/kosmetyczka_lnianaobrazek-JPEG-23AEDCF10D06-1-1-scaled-e1741351544812.webp","width":1254,"height":1860},{"@type":"BreadcrumbList","@id":"https:\/\/talja.pl\/index.php\/produkt\/kosmetyczka-lniana-kolory\/#breadcrumb","itemListElement":[{"@type":"ListItem","position":1,"name":"Strona g\u0142\u00f3wna","item":"https:\/\/talja.pl\/"},{"@type":"ListItem","position":2,"name":"talja.pl","item":"https:\/\/talja.pl\/index.php\/sklep\/"},{"@type":"ListItem","position":3,"name":"Kosmetyczka lniana"}]},{"@type":"WebSite","@id":"https:\/\/talja.pl\/#website","url":"https:\/\/talja.pl\/","name":"www.talja.pl","description":"","publisher":{"@id":"https:\/\/talja.pl\/#organization"},"potentialAction":[{"@type":"SearchAction","target":{"@type":"EntryPoint","urlTemplate":"https:\/\/talja.pl\/?s={search_term_string}"},"query-input":{"@type":"PropertyValueSpecification","valueRequired":true,"valueName":"search_term_string"}}],"inLanguage":"pl-PL"},{"@type":"Organization","@id":"https:\/\/talja.pl\/#organization","name":"Talja","url":"https:\/\/talja.pl\/","logo":{"@type":"ImageObject","inLanguage":"pl-PL","@id":"https:\/\/talja.pl\/#\/schema\/logo\/image\/","url":"https:\/\/talja.pl\/wp-content\/uploads\/2019\/06\/baner-talja-2.jpg","contentUrl":"https:\/\/talja.pl\/wp-content\/uploads\/2019\/06\/baner-talja-2.jpg","width":1300,"height":300,"caption":"Talja"},"image":{"@id":"https:\/\/talja.pl\/#\/schema\/logo\/image\/"},"sameAs":["https:\/\/www.facebook.com\/Talja-418285408906660\/","https:\/\/x.com\/talja_pracownia","https:\/\/www.instagram.com\/talja_pracownia\/"]}]}},"_links":{"self":[{"href":"https:\/\/talja.pl\/index.php\/wp-json\/wp\/v2\/product\/12618","targetHints":{"allow":["GET"]}}],"collection":[{"href":"https:\/\/talja.pl\/index.php\/wp-json\/wp\/v2\/product"}],"about":[{"href":"https:\/\/talja.pl\/index.php\/wp-json\/wp\/v2\/types\/product"}],"replies":[{"embeddable":true,"href":"https:\/\/talja.pl\/index.php\/wp-json\/wp\/v2\/comments?post=12618"}],"version-history":[{"count":6,"href":"https:\/\/talja.pl\/index.php\/wp-json\/wp\/v2\/product\/12618\/revisions"}],"predecessor-version":[{"id":15083,"href":"https:\/\/talja.pl\/index.php\/wp-json\/wp\/v2\/product\/12618\/revisions\/15083"}],"wp:featuredmedia":[{"embeddable":true,"href":"https:\/\/talja.pl\/index.php\/wp-json\/wp\/v2\/media\/12635"}],"wp:attachment":[{"href":"https:\/\/talja.pl\/index.php\/wp-json\/wp\/v2\/media?parent=12618"}],"wp:term":[{"taxonomy":"product_brand","embeddable":true,"href":"https:\/\/talja.pl\/index.php\/wp-json\/wp\/v2\/product_brand?post=12618"},{"taxonomy":"product_cat","embeddable":true,"href":"https:\/\/talja.pl\/index.php\/wp-json\/wp\/v2\/product_cat?post=12618"},{"taxonomy":"product_tag","embeddable":true,"href":"https:\/\/talja.pl\/index.php\/wp-json\/wp\/v2\/product_tag?post=12618"}],"curies":[{"name":"wp","href":"https:\/\/api.w.org\/{rel}","templated":true}]}}