{"id":14458,"date":"2025-10-24T14:49:58","date_gmt":"2025-10-24T12:49:58","guid":{"rendered":"https:\/\/talja.pl\/?post_type=product&#038;p=14458"},"modified":"2026-03-17T12:16:43","modified_gmt":"2026-03-17T11:16:43","slug":"lniana-sukienka-z-falbankami-kolory","status":"publish","type":"product","link":"https:\/\/talja.pl\/index.php\/produkt\/lniana-sukienka-z-falbankami-kolory\/","title":{"rendered":"Lniana sukienka z falbankami LIVIA"},"content":{"rendered":"<p>LIVIA to lniana sukienka, kt\u00f3ra powsta\u0142a z my\u015bl\u0105 o wielbicielkach kobiecych kroj\u00f3w z romantycznymi akcentami podkre\u015blaj\u0105cymi dok\u0142adnie to, co w nas &#8211; kobietach najpi\u0119kniejsze. Dzi\u0119ki precyzyjnym detalom takim jak drobne falbanki cechuje j\u0105 niezwyk\u0142a lekko\u015b\u0107 i dziewcz\u0119co\u015b\u0107.<\/p>\n<h4><strong>Za co j\u0105 pokochasz?\u00a0<\/strong><\/h4>\n<ul>\n<li>za mo\u017cliwo\u015b\u0107 uszycia jej\u00a0<strong>w jednym z a\u017c 30 dost\u0119pnych kolor\u00f3w ln\u00f3w ( 100%len \u2013 zmi\u0119kczany)\u00a0<\/strong><\/li>\n<li><strong>wygodny kr\u00f3j z wi\u0119kszymi luzami w talli i \u00a0w\u0105skimi paskami wychodz\u0105cymi ze szw\u00f3w bocznych sukienki<\/strong> dzi\u0119ki czemu zawi\u0105\u017cesz je sobie i idealnie dopasujesz sukienk\u0119 w talii<\/li>\n<li><strong>przykuwaj\u0105ce uwag\u0119 detale, takie jak drobne, misterne falbaneczki<\/strong>\u00a0przy dekolcie i r\u0119kawkach<\/li>\n<li>dekolt w szpic &#8211; kobiecy i wysmuklaj\u0105cy<\/li>\n<li>prz\u00f3d zapinany na r\u0119cznie oblekane tkanin\u0105 guziczki ( guziki- jak we wszystkich naszych sukienkach s\u0105 w pe\u0142ni odpinane )<\/li>\n<li><strong>zwiewny d\u00f3\u0142, lekko rozkloszowany i marszczony <\/strong><\/li>\n<li>3 d\u0142ugo\u015bci do wyboru : SHORT ( 55cm od talii) , REGULAR ( 65cm od talii) oraz MIDI ( 80cm od talii)<\/li>\n<li>uszycie z dba\u0142o\u015bci\u0105 w niewielkiej manufakturze w Szczecinie.<\/li>\n<\/ul>\n<table border=\"0\" width=\"541\" cellspacing=\"0\" cellpadding=\"0\">\n<colgroup>\n<col width=\"87\" \/>\n<col width=\"252\" \/>\n<col width=\"115\" \/>\n<col width=\"87\" \/><\/colgroup>\n<tbody>\n<tr>\n<td class=\"xl69\" width=\"87\" height=\"80\">rozmiar<\/td>\n<td class=\"xl71\" width=\"252\">szeroko\u015b\u0107 sukienki mierzona na p\u0142asko w biu\u015bcie<\/td>\n<td class=\"xl72\" width=\"115\">szeroko\u015b\u0107 sukienki mierzona na p\u0142asko w talii<\/td>\n<td class=\"xl71\" width=\"87\"><\/td>\n<\/tr>\n<tr>\n<td class=\"xl70\" height=\"19\">s<\/td>\n<td class=\"xl73\">45 cm<\/td>\n<td class=\"xl73\">40 cm<\/td>\n<td class=\"xl74\"><\/td>\n<\/tr>\n<tr>\n<td class=\"xl70\" height=\"19\">m<\/td>\n<td class=\"xl73\">47 cm<\/td>\n<td class=\"xl73\">42 cm<\/td>\n<td class=\"xl74\"><\/td>\n<\/tr>\n<tr>\n<td class=\"xl70\" height=\"19\">l<\/td>\n<td class=\"xl73\">49 cm<\/td>\n<td class=\"xl73\">44 cm<\/td>\n<td class=\"xl74\"><\/td>\n<\/tr>\n<tr>\n<td class=\"xl70\" height=\"19\">xl<\/td>\n<td class=\"xl73\">51 cm<\/td>\n<td class=\"xl73\">46 cm<\/td>\n<td class=\"xl74\"><\/td>\n<\/tr>\n<tr>\n<td class=\"xl75\" colspan=\"4\" rowspan=\"2\" width=\"541\" height=\"38\">Przy wyborze sukienki kieruj si\u0119 wymiarami biustu.Wskazane by by\u0142o tutaj 3-4cm luzu.\u00a0 Sukienka posiada paski, kt\u00f3rymi dostosujesz j\u0105 do wymiar\u00f3w swojej sylwetki.<\/td>\n<\/tr>\n<tr>\n<td class=\"xl76\" colspan=\"2\" height=\"19\"><\/td>\n<td><\/td>\n<td><\/td>\n<\/tr>\n<\/tbody>\n<\/table>\n<p>wymiary +\/-2cm<\/p>\n<p><a href=\"https:\/\/www.youtube.com\/shorts\/nU2uYzHShKo\">https:\/\/www.youtube.com\/shorts\/nU2uYzHShKo<\/a><\/p>\n<p>Natalia ma wzrost 173cm, obw\u00f3d biustu 83cm, obw\u00f3d talii 69cm i prezentuje rozmiar S w kolorze &#8220;khaki&#8221; d\u0142ugo\u015bci MIDI.<\/p>\n<p><strong>Sk\u0142ad<\/strong> : len 100%, polskiej produkcji , zmi\u0119kczany<\/p>\n<p><strong>Model dost\u0119pny w a\u017c 30 r\u00f3\u017cnych wersjach kolorystycznych. <\/strong>Wybierz ten, o kt\u00f3rym marzysz!\u00a0 Wiedz r\u00f3wnie\u017c, \u017ce wszystkie nasze lny s\u0105 produkcji polskiej oraz spe\u0142niaj\u0105 wymogi\u00a0 norm\u00a0<strong>OEKO TEX \u2013 Standard 100<\/strong>, co oznacza, \u017ce zosta\u0142y przebadane i nie zawieraj\u0105 \u015brodk\u00f3w szkodliwych zar\u00f3wno dla cz\u0142owieka jak i \u015brodowiska. Dodatkowo s\u0105 cudownie zmi\u0119kczane, a ten fakt z pewno\u015bci\u0105 doceni Twoja sk\u00f3ra.<\/p>\n<p><img fetchpriority=\"high\" decoding=\"async\" class=\"alignnone size-full wp-image-5333\" src=\"https:\/\/talja.pl\/wp-content\/uploads\/2022\/04\/Certyfikat-Oeko-Tex-standard-100-e1698257301591.png\" alt=\"\" width=\"500\" height=\"199\" \/><\/p>\n<h4><strong>Piel\u0119gnacja\u00a0<\/strong><\/h4>\n<p>Ubrania z lnu traktuj delikatnie. Nie wybielaj, pierz w 30 stopniach, odwirowuj w pralce na ni\u017cszych obrotach i prasuj max w 150st. Dbaj o nie a b\u0119d\u0105 Ci wdzi\u0119czne.<\/p>\n<h4><strong>Personalizacja<\/strong><\/h4>\n<p>Je\u015bli marzysz o wprowadzeniu pewnych zmian do sukienki, wystarczy \u017ce wykupisz dodatkow\u0105 opcj\u0119<a href=\"https:\/\/talja.pl\/index.php\/produkt\/personalizacja\/\">\u00a0<strong>\u201d PERSONALIZACJA \u201e<\/strong><\/a>. Dzi\u0119ki tej opcji Twoja sukienka zyska niepowtarzalno\u015b\u0107 i indywidualny charakter. Mo\u017cesz bowiem zmieni\u0107 d\u0142ugo\u015b\u0107 sukienki czy r\u0119kawa, wysoko\u015b\u0107 stanu itp. Je\u015bli masz jeszcze inny pomys\u0142 na zmodyfikowanie sukienki, a nie znajdujesz go w opcji \u201d Personalizacja\u201d skontaktuj si\u0119 z nami\u00a0 mailowo : kontakt@talja.pl . Razem z pewno\u015bci\u0105 wyczarujemy sukienk\u0119 Twoich marze\u0144!<\/p>\n<p>&nbsp;<\/p>\n<p><em>Masz pytania , w\u0105tpliwo\u015bci? Nie wiesz, kt\u00f3ry rozmiar wybra\u0107, lub chcia\u0142aby\u015b spersonalizowa\u0107 sukienk\u0119? Napisz do nas na kotankt@talja.pl \u2013 z ch\u0119ci\u0105 pomo\u017cemy!<\/em><\/p>\n","protected":false},"excerpt":{"rendered":"<p>Lniana sukienka LIVIA dost\u0119pna w a\u017c trzech \u00a0d\u0142ugo\u015bciach : SHORT, REGULAR oraz MIDI\u00a0 i w a\u017c 30 kolorach ln\u00f3w do wyboru.<\/p>\n<p><strong>Sk\u0142ad : len 100%,\u00a0<\/strong><b>zmi\u0119kczany\u00a0<\/b><\/p>\n<p>Szyta w kameralnej pracowni w Szczecinie. Zamawiaj\u0105c w Talji wspierasz polskie rzemios\u0142o.<\/p>\n<h5>Wysy\u0142ka : 5 do 14 dni roboczych <em>. <\/em><\/h5>\n<p><em>Pami\u0119taj : wszystkie kreacje szyjemy dopiero po z\u0142o\u017ceniu zam\u00f3wienia. Wiedz jednak, \u017ce robimy, co w naszej mocy, by zam\u00f3wione przez Ciebie produkty opu\u015bci\u0142y pracowni\u0119 tak szybko, jak to tylko mo\u017cliwe <\/em><img decoding=\"async\" class=\"emoji\" role=\"img\" draggable=\"false\" src=\"https:\/\/s.w.org\/images\/core\/emoji\/16.0.1\/svg\/1f90d.svg\" alt=\"\ud83e\udd0d\" \/><\/p>\n","protected":false},"featured_media":14503,"comment_status":"open","ping_status":"closed","template":"","meta":[],"product_brand":[],"product_cat":[38,45,20,140],"product_tag":[25,26],"class_list":{"0":"post-14458","1":"product","2":"type-product","3":"status-publish","4":"has-post-thumbnail","6":"product_cat-nowosci","7":"product_cat-produkty-na-zamowienie","8":"product_cat-sukienki-lniane","9":"product_cat-sukienki-dlugi-rekaw","10":"product_tag-len","11":"product_tag-sukienka","12":"pa_kolor-kratka-vichy-len-100","13":"pa_kolor-len-30-wiskoza-70","14":"pa_kolor-koktajl-truskawkowy-150g-m2","15":"pa_kolor-malina","16":"pa_kolor-liliowy-170g-m2","17":"pa_kolor-pochmurne-niebo-170g-m2","18":"pa_kolor-zielen-trawiasta-170g-m2","19":"pa_kolor-czerwone-wino-150g-m2","20":"pa_kolor-sliwka-170g-m2","21":"pa_kolor-mleczna-czekolada-170g-m2","22":"pa_kolor-letnie-niebo-150g-m2","23":"pa_kolor-biel-170g-m2","24":"pa_kolor-naturalny-150g-m2","25":"pa_kolor-fuksja","26":"pa_kolor-morelowy","27":"pa_kolor-chabrowy-150g-m2","28":"pa_kolor-karmel-170-g-m2","29":"pa_kolor-baby-blue-150g-m2","30":"pa_kolor-pudrowy-roz-150g-m2","31":"pa_kolor-arbuz-150g-m2","32":"pa_kolor-pudrowy-szary-170g-m2","33":"pa_kolor-cegla-150g-m2","34":"pa_kolor-ciemna-zielen-150g-m2","35":"pa_kolor-ciemny-niebieski-170g-m2","36":"pa_kolor-cynamon-150g-m2","37":"pa_kolor-czern-150g-m2","38":"pa_kolor-eukaliptus-150g-m2","39":"pa_kolor-khaki-150g-m2","40":"pa_kolor-melon-150g-m2","41":"pa_kolor-wrszos-150g-m2","42":"pa_kolor-stalowo-szary-170g-m2","43":"pa_kolor-wisnia-150g-m2","45":"entry","46":"has-media","48":"first","49":"instock","50":"taxable","51":"shipping-taxable","52":"purchasable","53":"product-type-variable","54":"wvs-archive-product-wrapper","55":"has-rating","56":"has-product-nav","57":"col","58":"span_1_of_4","59":"owp-content-center","60":"owp-thumbs-layout-horizontal","61":"owp-btn-big","62":"owp-tabs-layout-horizontal"},"yoast_head":"<!-- This site is optimized with the Yoast SEO plugin v27.0 - https:\/\/yoast.com\/product\/yoast-seo-wordpress\/ -->\n<title>Lniana sukienka z falbankami LIVIA - www.talja.pl<\/title>\n<meta name=\"description\" content=\"Niezwykle eteryczna sukienka bawe\u0142niana wyprodukowana w kameralnej pracowni w Szczecinie. Odrobina retro klimatu w nowoczesnym wydaniu.\" \/>\n<meta name=\"robots\" content=\"index, follow, max-snippet:-1, max-image-preview:large, max-video-preview:-1\" \/>\n<link rel=\"canonical\" href=\"https:\/\/talja.pl\/index.php\/produkt\/lniana-sukienka-z-falbankami-kolory\/\" \/>\n<meta property=\"og:locale\" content=\"pl_PL\" \/>\n<meta property=\"og:type\" content=\"article\" \/>\n<meta property=\"og:title\" content=\"Lniana sukienka z falbankami LIVIA - www.talja.pl\" \/>\n<meta property=\"og:description\" content=\"Niezwykle eteryczna sukienka bawe\u0142niana wyprodukowana w kameralnej pracowni w Szczecinie. Odrobina retro klimatu w nowoczesnym wydaniu.\" \/>\n<meta property=\"og:url\" content=\"https:\/\/talja.pl\/index.php\/produkt\/lniana-sukienka-z-falbankami-kolory\/\" \/>\n<meta property=\"og:site_name\" content=\"www.talja.pl\" \/>\n<meta property=\"article:publisher\" content=\"https:\/\/www.facebook.com\/Talja-418285408906660\/\" \/>\n<meta property=\"article:modified_time\" content=\"2026-03-17T11:16:43+00:00\" \/>\n<meta property=\"og:image\" content=\"https:\/\/talja.pl\/wp-content\/uploads\/2025\/10\/641A9261-e1761304464671.jpg\" \/>\n\t<meta property=\"og:image:width\" content=\"622\" \/>\n\t<meta property=\"og:image:height\" content=\"927\" \/>\n\t<meta property=\"og:image:type\" content=\"image\/jpeg\" \/>\n<meta name=\"twitter:card\" content=\"summary_large_image\" \/>\n<meta name=\"twitter:site\" content=\"@talja_pracownia\" \/>\n<meta name=\"twitter:label1\" content=\"Szacowany czas czytania\" \/>\n\t<meta name=\"twitter:data1\" content=\"3 minuty\" \/>\n<script type=\"application\/ld+json\" class=\"yoast-schema-graph\">{\"@context\":\"https:\/\/schema.org\",\"@graph\":[{\"@type\":\"WebPage\",\"@id\":\"https:\/\/talja.pl\/index.php\/produkt\/lniana-sukienka-z-falbankami-kolory\/\",\"url\":\"https:\/\/talja.pl\/index.php\/produkt\/lniana-sukienka-z-falbankami-kolory\/\",\"name\":\"Lniana sukienka z falbankami LIVIA - www.talja.pl\",\"isPartOf\":{\"@id\":\"https:\/\/talja.pl\/#website\"},\"primaryImageOfPage\":{\"@id\":\"https:\/\/talja.pl\/index.php\/produkt\/lniana-sukienka-z-falbankami-kolory\/#primaryimage\"},\"image\":{\"@id\":\"https:\/\/talja.pl\/index.php\/produkt\/lniana-sukienka-z-falbankami-kolory\/#primaryimage\"},\"thumbnailUrl\":\"https:\/\/talja.pl\/wp-content\/uploads\/2025\/10\/641A9261-e1761304464671.jpg\",\"datePublished\":\"2025-10-24T12:49:58+00:00\",\"dateModified\":\"2026-03-17T11:16:43+00:00\",\"description\":\"Niezwykle eteryczna sukienka bawe\u0142niana wyprodukowana w kameralnej pracowni w Szczecinie. Odrobina retro klimatu w nowoczesnym wydaniu.\",\"breadcrumb\":{\"@id\":\"https:\/\/talja.pl\/index.php\/produkt\/lniana-sukienka-z-falbankami-kolory\/#breadcrumb\"},\"inLanguage\":\"pl-PL\",\"potentialAction\":[{\"@type\":\"ReadAction\",\"target\":[\"https:\/\/talja.pl\/index.php\/produkt\/lniana-sukienka-z-falbankami-kolory\/\"]}]},{\"@type\":\"ImageObject\",\"inLanguage\":\"pl-PL\",\"@id\":\"https:\/\/talja.pl\/index.php\/produkt\/lniana-sukienka-z-falbankami-kolory\/#primaryimage\",\"url\":\"https:\/\/talja.pl\/wp-content\/uploads\/2025\/10\/641A9261-e1761304464671.jpg\",\"contentUrl\":\"https:\/\/talja.pl\/wp-content\/uploads\/2025\/10\/641A9261-e1761304464671.jpg\",\"width\":622,\"height\":927},{\"@type\":\"BreadcrumbList\",\"@id\":\"https:\/\/talja.pl\/index.php\/produkt\/lniana-sukienka-z-falbankami-kolory\/#breadcrumb\",\"itemListElement\":[{\"@type\":\"ListItem\",\"position\":1,\"name\":\"Strona g\u0142\u00f3wna\",\"item\":\"https:\/\/talja.pl\/\"},{\"@type\":\"ListItem\",\"position\":2,\"name\":\"talja.pl\",\"item\":\"https:\/\/talja.pl\/index.php\/sklep\/\"},{\"@type\":\"ListItem\",\"position\":3,\"name\":\"Lniana sukienka z falbankami LIVIA\"}]},{\"@type\":\"WebSite\",\"@id\":\"https:\/\/talja.pl\/#website\",\"url\":\"https:\/\/talja.pl\/\",\"name\":\"www.talja.pl\",\"description\":\"\",\"publisher\":{\"@id\":\"https:\/\/talja.pl\/#organization\"},\"potentialAction\":[{\"@type\":\"SearchAction\",\"target\":{\"@type\":\"EntryPoint\",\"urlTemplate\":\"https:\/\/talja.pl\/?s={search_term_string}\"},\"query-input\":{\"@type\":\"PropertyValueSpecification\",\"valueRequired\":true,\"valueName\":\"search_term_string\"}}],\"inLanguage\":\"pl-PL\"},{\"@type\":\"Organization\",\"@id\":\"https:\/\/talja.pl\/#organization\",\"name\":\"Talja\",\"url\":\"https:\/\/talja.pl\/\",\"logo\":{\"@type\":\"ImageObject\",\"inLanguage\":\"pl-PL\",\"@id\":\"https:\/\/talja.pl\/#\/schema\/logo\/image\/\",\"url\":\"https:\/\/talja.pl\/wp-content\/uploads\/2019\/06\/baner-talja-2.jpg\",\"contentUrl\":\"https:\/\/talja.pl\/wp-content\/uploads\/2019\/06\/baner-talja-2.jpg\",\"width\":1300,\"height\":300,\"caption\":\"Talja\"},\"image\":{\"@id\":\"https:\/\/talja.pl\/#\/schema\/logo\/image\/\"},\"sameAs\":[\"https:\/\/www.facebook.com\/Talja-418285408906660\/\",\"https:\/\/x.com\/talja_pracownia\",\"https:\/\/www.instagram.com\/talja_pracownia\/\"]}]}<\/script>\n<!-- \/ Yoast SEO plugin. -->","yoast_head_json":{"title":"Lniana sukienka z falbankami LIVIA - www.talja.pl","description":"Niezwykle eteryczna sukienka bawe\u0142niana wyprodukowana w kameralnej pracowni w Szczecinie. Odrobina retro klimatu w nowoczesnym wydaniu.","robots":{"index":"index","follow":"follow","max-snippet":"max-snippet:-1","max-image-preview":"max-image-preview:large","max-video-preview":"max-video-preview:-1"},"canonical":"https:\/\/talja.pl\/index.php\/produkt\/lniana-sukienka-z-falbankami-kolory\/","og_locale":"pl_PL","og_type":"article","og_title":"Lniana sukienka z falbankami LIVIA - www.talja.pl","og_description":"Niezwykle eteryczna sukienka bawe\u0142niana wyprodukowana w kameralnej pracowni w Szczecinie. Odrobina retro klimatu w nowoczesnym wydaniu.","og_url":"https:\/\/talja.pl\/index.php\/produkt\/lniana-sukienka-z-falbankami-kolory\/","og_site_name":"www.talja.pl","article_publisher":"https:\/\/www.facebook.com\/Talja-418285408906660\/","article_modified_time":"2026-03-17T11:16:43+00:00","og_image":[{"width":622,"height":927,"url":"https:\/\/talja.pl\/wp-content\/uploads\/2025\/10\/641A9261-e1761304464671.jpg","type":"image\/jpeg"}],"twitter_card":"summary_large_image","twitter_site":"@talja_pracownia","twitter_misc":{"Szacowany czas czytania":"3 minuty"},"schema":{"@context":"https:\/\/schema.org","@graph":[{"@type":"WebPage","@id":"https:\/\/talja.pl\/index.php\/produkt\/lniana-sukienka-z-falbankami-kolory\/","url":"https:\/\/talja.pl\/index.php\/produkt\/lniana-sukienka-z-falbankami-kolory\/","name":"Lniana sukienka z falbankami LIVIA - www.talja.pl","isPartOf":{"@id":"https:\/\/talja.pl\/#website"},"primaryImageOfPage":{"@id":"https:\/\/talja.pl\/index.php\/produkt\/lniana-sukienka-z-falbankami-kolory\/#primaryimage"},"image":{"@id":"https:\/\/talja.pl\/index.php\/produkt\/lniana-sukienka-z-falbankami-kolory\/#primaryimage"},"thumbnailUrl":"https:\/\/talja.pl\/wp-content\/uploads\/2025\/10\/641A9261-e1761304464671.jpg","datePublished":"2025-10-24T12:49:58+00:00","dateModified":"2026-03-17T11:16:43+00:00","description":"Niezwykle eteryczna sukienka bawe\u0142niana wyprodukowana w kameralnej pracowni w Szczecinie. Odrobina retro klimatu w nowoczesnym wydaniu.","breadcrumb":{"@id":"https:\/\/talja.pl\/index.php\/produkt\/lniana-sukienka-z-falbankami-kolory\/#breadcrumb"},"inLanguage":"pl-PL","potentialAction":[{"@type":"ReadAction","target":["https:\/\/talja.pl\/index.php\/produkt\/lniana-sukienka-z-falbankami-kolory\/"]}]},{"@type":"ImageObject","inLanguage":"pl-PL","@id":"https:\/\/talja.pl\/index.php\/produkt\/lniana-sukienka-z-falbankami-kolory\/#primaryimage","url":"https:\/\/talja.pl\/wp-content\/uploads\/2025\/10\/641A9261-e1761304464671.jpg","contentUrl":"https:\/\/talja.pl\/wp-content\/uploads\/2025\/10\/641A9261-e1761304464671.jpg","width":622,"height":927},{"@type":"BreadcrumbList","@id":"https:\/\/talja.pl\/index.php\/produkt\/lniana-sukienka-z-falbankami-kolory\/#breadcrumb","itemListElement":[{"@type":"ListItem","position":1,"name":"Strona g\u0142\u00f3wna","item":"https:\/\/talja.pl\/"},{"@type":"ListItem","position":2,"name":"talja.pl","item":"https:\/\/talja.pl\/index.php\/sklep\/"},{"@type":"ListItem","position":3,"name":"Lniana sukienka z falbankami LIVIA"}]},{"@type":"WebSite","@id":"https:\/\/talja.pl\/#website","url":"https:\/\/talja.pl\/","name":"www.talja.pl","description":"","publisher":{"@id":"https:\/\/talja.pl\/#organization"},"potentialAction":[{"@type":"SearchAction","target":{"@type":"EntryPoint","urlTemplate":"https:\/\/talja.pl\/?s={search_term_string}"},"query-input":{"@type":"PropertyValueSpecification","valueRequired":true,"valueName":"search_term_string"}}],"inLanguage":"pl-PL"},{"@type":"Organization","@id":"https:\/\/talja.pl\/#organization","name":"Talja","url":"https:\/\/talja.pl\/","logo":{"@type":"ImageObject","inLanguage":"pl-PL","@id":"https:\/\/talja.pl\/#\/schema\/logo\/image\/","url":"https:\/\/talja.pl\/wp-content\/uploads\/2019\/06\/baner-talja-2.jpg","contentUrl":"https:\/\/talja.pl\/wp-content\/uploads\/2019\/06\/baner-talja-2.jpg","width":1300,"height":300,"caption":"Talja"},"image":{"@id":"https:\/\/talja.pl\/#\/schema\/logo\/image\/"},"sameAs":["https:\/\/www.facebook.com\/Talja-418285408906660\/","https:\/\/x.com\/talja_pracownia","https:\/\/www.instagram.com\/talja_pracownia\/"]}]}},"_links":{"self":[{"href":"https:\/\/talja.pl\/index.php\/wp-json\/wp\/v2\/product\/14458","targetHints":{"allow":["GET"]}}],"collection":[{"href":"https:\/\/talja.pl\/index.php\/wp-json\/wp\/v2\/product"}],"about":[{"href":"https:\/\/talja.pl\/index.php\/wp-json\/wp\/v2\/types\/product"}],"replies":[{"embeddable":true,"href":"https:\/\/talja.pl\/index.php\/wp-json\/wp\/v2\/comments?post=14458"}],"version-history":[{"count":9,"href":"https:\/\/talja.pl\/index.php\/wp-json\/wp\/v2\/product\/14458\/revisions"}],"predecessor-version":[{"id":14566,"href":"https:\/\/talja.pl\/index.php\/wp-json\/wp\/v2\/product\/14458\/revisions\/14566"}],"wp:featuredmedia":[{"embeddable":true,"href":"https:\/\/talja.pl\/index.php\/wp-json\/wp\/v2\/media\/14503"}],"wp:attachment":[{"href":"https:\/\/talja.pl\/index.php\/wp-json\/wp\/v2\/media?parent=14458"}],"wp:term":[{"taxonomy":"product_brand","embeddable":true,"href":"https:\/\/talja.pl\/index.php\/wp-json\/wp\/v2\/product_brand?post=14458"},{"taxonomy":"product_cat","embeddable":true,"href":"https:\/\/talja.pl\/index.php\/wp-json\/wp\/v2\/product_cat?post=14458"},{"taxonomy":"product_tag","embeddable":true,"href":"https:\/\/talja.pl\/index.php\/wp-json\/wp\/v2\/product_tag?post=14458"}],"curies":[{"name":"wp","href":"https:\/\/api.w.org\/{rel}","templated":true}]}}