{"id":8843,"date":"2025-07-20T11:58:00","date_gmt":"2025-07-20T09:58:00","guid":{"rendered":"https:\/\/talja.pl\/?post_type=product&#038;p=8843"},"modified":"2026-03-23T12:52:35","modified_gmt":"2026-03-23T11:52:35","slug":"sweter-wafelek-kolory","status":"publish","type":"product","link":"https:\/\/talja.pl\/index.php\/produkt\/sweter-wafelek-kolory\/","title":{"rendered":"SWETER wafelek &#8211; kolory"},"content":{"rendered":"<h4><strong><img fetchpriority=\"high\" decoding=\"async\" class=\"wp-image-8857 size-medium alignleft\" src=\"https:\/\/talja.pl\/wp-content\/uploads\/2023\/10\/talja-lniana-koszula-m641A0995-200x300.jpg\" alt=\"talja sweter wafelek\" width=\"200\" height=\"300\" \/>Sweter wafelek lniany<\/strong><\/h4>\n<p>Nasz sweter wafelek powsta\u0142 z niezwykle mi\u0119kkiej i ciep\u0142ej dzianiny lniano &#8211; bawe\u0142nianej, kt\u00f3ra przyjemnie otula w ch\u0142odniejsze dni. Sweterek ma naturalny sk\u0142ad i pi\u0119kn\u0105 wafelkow\u0105 struktur\u0119, a dzi\u0119ki swojej minimalistycznej formie oka\u017ce si\u0119 niezast\u0105piony w wielu codziennych stylizacjach.<\/p>\n<h4><strong>Za co go pokochasz?<\/strong><\/h4>\n<ul>\n<li>za mo\u017cliwo\u015b\u0107 uszycia go <strong>w a\u017c 8 dost\u0119pnych kolorach tkanin<br \/>\n<\/strong><\/li>\n<li>minimalistyczny, lu\u017aniejszy kr\u00f3j z dekoltem w \u0142\u00f3dk\u0119, kt\u00f3ry stworzy pi\u0119kny, wysokiej jako\u015bci basic w Twojej garderobie<\/li>\n<li>wafelkowa struktura tkaniny, spr\u0119\u017cysta i mi\u0119ciutka powoduje, \u017ce sweterek sprawdzi si\u0119 nie tylko w okresie jesienno &#8211; zimowym, ale te\u017c za\u0142o\u017cysz go ch\u0119tnie wiosn\u0105 i latem w ch\u0142odniejsze wieczory<\/li>\n<li>uszycie z dba\u0142o\u015bci\u0105 w niewielkiej manufakturze w Szczecinie; wybieraj\u0105c nasz\u0105 pracowni\u0119 wspierasz polskie rzemios\u0142o!<\/li>\n<\/ul>\n<h4><strong>Sk\u0142ad<\/strong><\/h4>\n<p>len 48%, bawe\u0142na 52%, gramatura 340g\/m2<\/p>\n<h4><strong>Rozmiar<\/strong><\/h4>\n<p><img decoding=\"async\" class=\"alignnone size-full wp-image-8851\" src=\"https:\/\/talja.pl\/wp-content\/uploads\/2023\/10\/sweter-wymiary.png\" alt=\"\" width=\"523\" height=\"148\" srcset=\"https:\/\/talja.pl\/wp-content\/uploads\/2023\/10\/sweter-wymiary.png 523w, https:\/\/talja.pl\/wp-content\/uploads\/2023\/10\/sweter-wymiary-300x85.png 300w\" sizes=\"(max-width: 523px) 100vw, 523px\" \/><\/p>\n<p>Natalia ( 173cm ) prezentuje swetry w rozmiarze S\/M w kolorach &#8220;karmel&#8221; oraz &#8220;naturalny&#8221;.<\/p>\n<p>Nasz SWETEREK pi\u0119knie si\u0119 komponuje z nasz\u0105 sp\u00f3dnic\u0105 z p\u00f3\u0142kola w wersji MINI <a href=\"https:\/\/talja.pl\/index.php\/produkt\/lniana-spodnica-z-polkola-kolory\/\">klik.<\/a> Spr\u00f3buj sama!<\/p>\n<p>Je\u015bli masz problem z doborem rozmiaru, czy koloru tkaniny &#8211; napisz do nas na kontakt@talja.pl \u2013 ch\u0119tnie pomo\u017cemy!<\/p>\n<p>Inne nasze lniane koszule\u00a0 i bluzki\u00a0 znajdziesz<a href=\"https:\/\/talja.pl\/index.php\/kategoria-produktu\/koszule-i-bluzki\/\"> tutaj.<\/a><\/p>\n<p>&nbsp;<\/p>\n","protected":false},"excerpt":{"rendered":"<div class=\"woocommerce-product-details__short-description\">\n<h4><strong>Sk\u0142ad : 48%len, 52% bawe\u0142na <\/strong><strong><br \/>\n<\/strong><\/h4>\n<p><strong>Lniano &#8211; bawe\u0142niany sweter wafelek szyty w szczeci\u0144skiej pracowni. Dost\u0119pny w a\u017c 8 kolorach ln\u00f3w.<br \/>\n<\/strong><\/p>\n<p>Ze skrawk\u00f3w ln\u00f3w pozosta\u0142ych po uszyciu swetr\u00f3w szyjemy wafelkowe scrunchies &#8211;<a href=\"https:\/\/talja.pl\/index.php\/produkt\/lniana-gumka-do-wlosow-wafelkowa-8-kolorow\/\"> klik.<\/a> Stw\u00f3rz sobie idealnie dopasowany zestaw gumka + sweter!<\/p>\n<h5><span style=\"color: #ff0000;\">Wysy\u0142ka :do 48h<\/span><strong> ( sweterki mamy ju\u017c uszyte, gotowe do szybkiej wysy\u0142ki)<\/strong><\/h5>\n<\/div>\n","protected":false},"featured_media":8847,"comment_status":"open","ping_status":"closed","template":"","meta":[],"product_brand":[],"product_cat":[39,45],"product_tag":[117,40,25,116],"class_list":{"0":"post-8843","1":"product","2":"type-product","3":"status-publish","4":"has-post-thumbnail","6":"product_cat-koszule-i-swetry","7":"product_cat-produkty-na-zamowienie","8":"product_tag-bawelna","9":"product_tag-bluzka","10":"product_tag-len","11":"product_tag-sweter","13":"entry","14":"has-media","16":"first","17":"instock","18":"taxable","19":"shipping-taxable","20":"purchasable","21":"product-type-variable","22":"wvs-archive-product-wrapper","23":"has-rating","24":"has-product-nav","25":"col","26":"span_1_of_4","27":"owp-content-center","28":"owp-thumbs-layout-horizontal","29":"owp-btn-big","30":"owp-tabs-layout-horizontal"},"yoast_head":"<!-- This site is optimized with the Yoast SEO plugin v27.0 - https:\/\/yoast.com\/product\/yoast-seo-wordpress\/ -->\n<title>SWETER wafelek - kolory - www.talja.pl<\/title>\n<meta name=\"description\" content=\"Lniano- bawe\u0142niany, przyjemny dla twojej sk\u00f3ry sweter wafelek o lu\u017aniejszym kroju. Dost\u0119pny w 8 pi\u0119knych kolorach. Szyty dla ciebie w szczeci\u0144skiej pracowni\" \/>\n<meta name=\"robots\" content=\"index, follow, max-snippet:-1, max-image-preview:large, max-video-preview:-1\" \/>\n<link rel=\"canonical\" href=\"https:\/\/talja.pl\/index.php\/produkt\/sweter-wafelek-kolory\/\" \/>\n<meta property=\"og:locale\" content=\"pl_PL\" \/>\n<meta property=\"og:type\" content=\"article\" \/>\n<meta property=\"og:title\" content=\"SWETER wafelek - kolory - www.talja.pl\" \/>\n<meta property=\"og:description\" content=\"Lniano- bawe\u0142niany, przyjemny dla twojej sk\u00f3ry sweter wafelek o lu\u017aniejszym kroju. Dost\u0119pny w 8 pi\u0119knych kolorach. Szyty dla ciebie w szczeci\u0144skiej pracowni\" \/>\n<meta property=\"og:url\" content=\"https:\/\/talja.pl\/index.php\/produkt\/sweter-wafelek-kolory\/\" \/>\n<meta property=\"og:site_name\" content=\"www.talja.pl\" \/>\n<meta property=\"article:publisher\" content=\"https:\/\/www.facebook.com\/Talja-418285408906660\/\" \/>\n<meta property=\"article:modified_time\" content=\"2026-03-23T11:52:35+00:00\" \/>\n<meta property=\"og:image\" content=\"https:\/\/talja.pl\/wp-content\/uploads\/2023\/10\/sweter-wafelek-profil.jpg\" \/>\n\t<meta property=\"og:image:width\" content=\"1142\" \/>\n\t<meta property=\"og:image:height\" content=\"1693\" \/>\n\t<meta property=\"og:image:type\" content=\"image\/jpeg\" \/>\n<meta name=\"twitter:card\" content=\"summary_large_image\" \/>\n<meta name=\"twitter:site\" content=\"@talja_pracownia\" \/>\n<meta name=\"twitter:label1\" content=\"Szacowany czas czytania\" \/>\n\t<meta name=\"twitter:data1\" content=\"2 minuty\" \/>\n<script type=\"application\/ld+json\" class=\"yoast-schema-graph\">{\"@context\":\"https:\/\/schema.org\",\"@graph\":[{\"@type\":\"WebPage\",\"@id\":\"https:\/\/talja.pl\/index.php\/produkt\/sweter-wafelek-kolory\/\",\"url\":\"https:\/\/talja.pl\/index.php\/produkt\/sweter-wafelek-kolory\/\",\"name\":\"SWETER wafelek - kolory - www.talja.pl\",\"isPartOf\":{\"@id\":\"https:\/\/talja.pl\/#website\"},\"primaryImageOfPage\":{\"@id\":\"https:\/\/talja.pl\/index.php\/produkt\/sweter-wafelek-kolory\/#primaryimage\"},\"image\":{\"@id\":\"https:\/\/talja.pl\/index.php\/produkt\/sweter-wafelek-kolory\/#primaryimage\"},\"thumbnailUrl\":\"https:\/\/talja.pl\/wp-content\/uploads\/2023\/10\/sweter-wafelek-profil.jpg\",\"datePublished\":\"2025-07-20T09:58:00+00:00\",\"dateModified\":\"2026-03-23T11:52:35+00:00\",\"description\":\"Lniano- bawe\u0142niany, przyjemny dla twojej sk\u00f3ry sweter wafelek o lu\u017aniejszym kroju. Dost\u0119pny w 8 pi\u0119knych kolorach. Szyty dla ciebie w szczeci\u0144skiej pracowni\",\"breadcrumb\":{\"@id\":\"https:\/\/talja.pl\/index.php\/produkt\/sweter-wafelek-kolory\/#breadcrumb\"},\"inLanguage\":\"pl-PL\",\"potentialAction\":[{\"@type\":\"ReadAction\",\"target\":[\"https:\/\/talja.pl\/index.php\/produkt\/sweter-wafelek-kolory\/\"]}]},{\"@type\":\"ImageObject\",\"inLanguage\":\"pl-PL\",\"@id\":\"https:\/\/talja.pl\/index.php\/produkt\/sweter-wafelek-kolory\/#primaryimage\",\"url\":\"https:\/\/talja.pl\/wp-content\/uploads\/2023\/10\/sweter-wafelek-profil.jpg\",\"contentUrl\":\"https:\/\/talja.pl\/wp-content\/uploads\/2023\/10\/sweter-wafelek-profil.jpg\",\"width\":1142,\"height\":1693,\"caption\":\"sweter wafelek talja\"},{\"@type\":\"BreadcrumbList\",\"@id\":\"https:\/\/talja.pl\/index.php\/produkt\/sweter-wafelek-kolory\/#breadcrumb\",\"itemListElement\":[{\"@type\":\"ListItem\",\"position\":1,\"name\":\"Strona g\u0142\u00f3wna\",\"item\":\"https:\/\/talja.pl\/\"},{\"@type\":\"ListItem\",\"position\":2,\"name\":\"talja.pl\",\"item\":\"https:\/\/talja.pl\/index.php\/sklep\/\"},{\"@type\":\"ListItem\",\"position\":3,\"name\":\"SWETER wafelek &#8211; kolory\"}]},{\"@type\":\"WebSite\",\"@id\":\"https:\/\/talja.pl\/#website\",\"url\":\"https:\/\/talja.pl\/\",\"name\":\"www.talja.pl\",\"description\":\"\",\"publisher\":{\"@id\":\"https:\/\/talja.pl\/#organization\"},\"potentialAction\":[{\"@type\":\"SearchAction\",\"target\":{\"@type\":\"EntryPoint\",\"urlTemplate\":\"https:\/\/talja.pl\/?s={search_term_string}\"},\"query-input\":{\"@type\":\"PropertyValueSpecification\",\"valueRequired\":true,\"valueName\":\"search_term_string\"}}],\"inLanguage\":\"pl-PL\"},{\"@type\":\"Organization\",\"@id\":\"https:\/\/talja.pl\/#organization\",\"name\":\"Talja\",\"url\":\"https:\/\/talja.pl\/\",\"logo\":{\"@type\":\"ImageObject\",\"inLanguage\":\"pl-PL\",\"@id\":\"https:\/\/talja.pl\/#\/schema\/logo\/image\/\",\"url\":\"https:\/\/talja.pl\/wp-content\/uploads\/2019\/06\/baner-talja-2.jpg\",\"contentUrl\":\"https:\/\/talja.pl\/wp-content\/uploads\/2019\/06\/baner-talja-2.jpg\",\"width\":1300,\"height\":300,\"caption\":\"Talja\"},\"image\":{\"@id\":\"https:\/\/talja.pl\/#\/schema\/logo\/image\/\"},\"sameAs\":[\"https:\/\/www.facebook.com\/Talja-418285408906660\/\",\"https:\/\/x.com\/talja_pracownia\",\"https:\/\/www.instagram.com\/talja_pracownia\/\"]}]}<\/script>\n<!-- \/ Yoast SEO plugin. -->","yoast_head_json":{"title":"SWETER wafelek - kolory - www.talja.pl","description":"Lniano- bawe\u0142niany, przyjemny dla twojej sk\u00f3ry sweter wafelek o lu\u017aniejszym kroju. Dost\u0119pny w 8 pi\u0119knych kolorach. Szyty dla ciebie w szczeci\u0144skiej pracowni","robots":{"index":"index","follow":"follow","max-snippet":"max-snippet:-1","max-image-preview":"max-image-preview:large","max-video-preview":"max-video-preview:-1"},"canonical":"https:\/\/talja.pl\/index.php\/produkt\/sweter-wafelek-kolory\/","og_locale":"pl_PL","og_type":"article","og_title":"SWETER wafelek - kolory - www.talja.pl","og_description":"Lniano- bawe\u0142niany, przyjemny dla twojej sk\u00f3ry sweter wafelek o lu\u017aniejszym kroju. Dost\u0119pny w 8 pi\u0119knych kolorach. Szyty dla ciebie w szczeci\u0144skiej pracowni","og_url":"https:\/\/talja.pl\/index.php\/produkt\/sweter-wafelek-kolory\/","og_site_name":"www.talja.pl","article_publisher":"https:\/\/www.facebook.com\/Talja-418285408906660\/","article_modified_time":"2026-03-23T11:52:35+00:00","og_image":[{"width":1142,"height":1693,"url":"https:\/\/talja.pl\/wp-content\/uploads\/2023\/10\/sweter-wafelek-profil.jpg","type":"image\/jpeg"}],"twitter_card":"summary_large_image","twitter_site":"@talja_pracownia","twitter_misc":{"Szacowany czas czytania":"2 minuty"},"schema":{"@context":"https:\/\/schema.org","@graph":[{"@type":"WebPage","@id":"https:\/\/talja.pl\/index.php\/produkt\/sweter-wafelek-kolory\/","url":"https:\/\/talja.pl\/index.php\/produkt\/sweter-wafelek-kolory\/","name":"SWETER wafelek - kolory - www.talja.pl","isPartOf":{"@id":"https:\/\/talja.pl\/#website"},"primaryImageOfPage":{"@id":"https:\/\/talja.pl\/index.php\/produkt\/sweter-wafelek-kolory\/#primaryimage"},"image":{"@id":"https:\/\/talja.pl\/index.php\/produkt\/sweter-wafelek-kolory\/#primaryimage"},"thumbnailUrl":"https:\/\/talja.pl\/wp-content\/uploads\/2023\/10\/sweter-wafelek-profil.jpg","datePublished":"2025-07-20T09:58:00+00:00","dateModified":"2026-03-23T11:52:35+00:00","description":"Lniano- bawe\u0142niany, przyjemny dla twojej sk\u00f3ry sweter wafelek o lu\u017aniejszym kroju. Dost\u0119pny w 8 pi\u0119knych kolorach. Szyty dla ciebie w szczeci\u0144skiej pracowni","breadcrumb":{"@id":"https:\/\/talja.pl\/index.php\/produkt\/sweter-wafelek-kolory\/#breadcrumb"},"inLanguage":"pl-PL","potentialAction":[{"@type":"ReadAction","target":["https:\/\/talja.pl\/index.php\/produkt\/sweter-wafelek-kolory\/"]}]},{"@type":"ImageObject","inLanguage":"pl-PL","@id":"https:\/\/talja.pl\/index.php\/produkt\/sweter-wafelek-kolory\/#primaryimage","url":"https:\/\/talja.pl\/wp-content\/uploads\/2023\/10\/sweter-wafelek-profil.jpg","contentUrl":"https:\/\/talja.pl\/wp-content\/uploads\/2023\/10\/sweter-wafelek-profil.jpg","width":1142,"height":1693,"caption":"sweter wafelek talja"},{"@type":"BreadcrumbList","@id":"https:\/\/talja.pl\/index.php\/produkt\/sweter-wafelek-kolory\/#breadcrumb","itemListElement":[{"@type":"ListItem","position":1,"name":"Strona g\u0142\u00f3wna","item":"https:\/\/talja.pl\/"},{"@type":"ListItem","position":2,"name":"talja.pl","item":"https:\/\/talja.pl\/index.php\/sklep\/"},{"@type":"ListItem","position":3,"name":"SWETER wafelek &#8211; kolory"}]},{"@type":"WebSite","@id":"https:\/\/talja.pl\/#website","url":"https:\/\/talja.pl\/","name":"www.talja.pl","description":"","publisher":{"@id":"https:\/\/talja.pl\/#organization"},"potentialAction":[{"@type":"SearchAction","target":{"@type":"EntryPoint","urlTemplate":"https:\/\/talja.pl\/?s={search_term_string}"},"query-input":{"@type":"PropertyValueSpecification","valueRequired":true,"valueName":"search_term_string"}}],"inLanguage":"pl-PL"},{"@type":"Organization","@id":"https:\/\/talja.pl\/#organization","name":"Talja","url":"https:\/\/talja.pl\/","logo":{"@type":"ImageObject","inLanguage":"pl-PL","@id":"https:\/\/talja.pl\/#\/schema\/logo\/image\/","url":"https:\/\/talja.pl\/wp-content\/uploads\/2019\/06\/baner-talja-2.jpg","contentUrl":"https:\/\/talja.pl\/wp-content\/uploads\/2019\/06\/baner-talja-2.jpg","width":1300,"height":300,"caption":"Talja"},"image":{"@id":"https:\/\/talja.pl\/#\/schema\/logo\/image\/"},"sameAs":["https:\/\/www.facebook.com\/Talja-418285408906660\/","https:\/\/x.com\/talja_pracownia","https:\/\/www.instagram.com\/talja_pracownia\/"]}]}},"_links":{"self":[{"href":"https:\/\/talja.pl\/index.php\/wp-json\/wp\/v2\/product\/8843","targetHints":{"allow":["GET"]}}],"collection":[{"href":"https:\/\/talja.pl\/index.php\/wp-json\/wp\/v2\/product"}],"about":[{"href":"https:\/\/talja.pl\/index.php\/wp-json\/wp\/v2\/types\/product"}],"replies":[{"embeddable":true,"href":"https:\/\/talja.pl\/index.php\/wp-json\/wp\/v2\/comments?post=8843"}],"version-history":[{"count":23,"href":"https:\/\/talja.pl\/index.php\/wp-json\/wp\/v2\/product\/8843\/revisions"}],"predecessor-version":[{"id":8876,"href":"https:\/\/talja.pl\/index.php\/wp-json\/wp\/v2\/product\/8843\/revisions\/8876"}],"wp:featuredmedia":[{"embeddable":true,"href":"https:\/\/talja.pl\/index.php\/wp-json\/wp\/v2\/media\/8847"}],"wp:attachment":[{"href":"https:\/\/talja.pl\/index.php\/wp-json\/wp\/v2\/media?parent=8843"}],"wp:term":[{"taxonomy":"product_brand","embeddable":true,"href":"https:\/\/talja.pl\/index.php\/wp-json\/wp\/v2\/product_brand?post=8843"},{"taxonomy":"product_cat","embeddable":true,"href":"https:\/\/talja.pl\/index.php\/wp-json\/wp\/v2\/product_cat?post=8843"},{"taxonomy":"product_tag","embeddable":true,"href":"https:\/\/talja.pl\/index.php\/wp-json\/wp\/v2\/product_tag?post=8843"}],"curies":[{"name":"wp","href":"https:\/\/api.w.org\/{rel}","templated":true}]}}